{"id":154442,"date":"2025-05-11T19:33:27","date_gmt":"2025-05-11T17:33:27","guid":{"rendered":"https:\/\/sitz.ch\/?post_type=product&#038;p=154442"},"modified":"2025-12-02T21:35:57","modified_gmt":"2025-12-02T20:35:57","slug":"loeffler-lezgo-air-swiss-edition","status":"publish","type":"product","link":"https:\/\/sitz.ch\/en\/product\/loeffler-lezgo-air-swiss-edition\/","title":{"rendered":"L\u00f6ffler Lezgo Air (Swiss Edition)"},"content":{"rendered":"\t\t<div data-elementor-type=\"product-post\" data-elementor-id=\"154442\" class=\"elementor elementor-154442\" data-elementor-post-type=\"product\">\n\t\t\t\t<section class=\"elementor-element elementor-element-dcc2fcc ergo-f-list e-flex e-con-boxed e-con e-parent\" data-id=\"dcc2fcc\" data-element_type=\"container\" data-e-type=\"container\">\n\t\t\t\t\t<div class=\"e-con-inner\">\n\t\t<div class=\"elementor-element elementor-element-ea5e147 e-con-full e-flex e-con e-child\" data-id=\"ea5e147\" data-element_type=\"container\" data-e-type=\"container\">\n\t\t\t\t<div class=\"elementor-element elementor-element-26bdb82 elementor-widget elementor-widget-heading\" data-id=\"26bdb82\" data-element_type=\"widget\" data-e-type=\"widget\" data-widget_type=\"heading.default\">\n\t\t\t\t<div class=\"elementor-widget-container\">\n\t\t\t\t\t<h3 class=\"elementor-heading-title elementor-size-default\">ERGO TOP Technologie mit Fixierung<\/h3>\t\t\t\t<\/div>\n\t\t\t\t<\/div>\n\t\t\t\t<div class=\"elementor-element elementor-element-27d9cdd elementor-widget elementor-widget-text-editor\" data-id=\"27d9cdd\" data-element_type=\"widget\" data-e-type=\"widget\" data-widget_type=\"text-editor.default\">\n\t\t\t\t<div class=\"elementor-widget-container\">\n\t\t\t\t\t\t\t\t\t<p>ERGO TOP steht f\u00fcr aktives, dynamisches Sitzen, das die Muskulatur durch kontinuierliche Ausbalancierung des K\u00f6rperschwerpunkts in Bewegung h\u00e4lt. Diese Technologie, entwickelt in enger Zusammenarbeit mit der Technischen Universit\u00e4t M\u00fcnchen, kombiniert die Vorteile eines Gymnastikballs mit ergonomischer Unterst\u00fctzung.<\/p><p>Mit einer 360\u00b0 beweglichen Sitzfl\u00e4che\u00a0mit Sitztiefenverstellung f\u00f6rdert ERGO TOP nat\u00fcrliche Bewegungen und unterst\u00fctzt eine aufrechte Sitzhaltung. Egal ob Vorbeugen, Drehen oder Greifen \u2013 die Sitzfl\u00e4che passt sich flexibel an und erg\u00e4nzt perfekt die passive Synchronmechanik der St\u00fchle.<\/p><p>Zuerst in der Hocker-Serie \u201eErgo &amp; Friends\u201c eingesetzt, ist ERGO TOP heute ein zentrales Merkmal aller L\u00f6ffler-Drehst\u00fchle. Durch wissenschaftlich fundierte Arbeitsphysiologie hilft diese Innovation, R\u00fccken und Muskulatur zu st\u00e4rken, starre Sitzgewohnheiten zu \u00fcberwinden und langfristig die Gesundheit zu f\u00f6rdern.<\/p>\t\t\t\t\t\t\t\t<\/div>\n\t\t\t\t<\/div>\n\t\t\t\t<\/div>\n\t\t<div class=\"elementor-element elementor-element-c8f1139 e-con-full e-flex e-con e-child\" data-id=\"c8f1139\" data-element_type=\"container\" data-e-type=\"container\">\n\t\t\t\t<div class=\"elementor-element elementor-element-d02d127 elementor-widget elementor-widget-image\" data-id=\"d02d127\" data-element_type=\"widget\" data-e-type=\"widget\" data-widget_type=\"image.default\">\n\t\t\t\t<div class=\"elementor-widget-container\">\n\t\t\t\t\t\t\t\t\t\t\t\t\t\t\t<img decoding=\"async\" width=\"600\" height=\"400\" src=\"https:\/\/sitz.ch\/wp-content\/uploads\/loeffler-plus-ergo-top-technologie\u200b-ergopoint-600x400.jpg\" class=\"attachment-medium size-medium wp-image-137272\" alt=\"\" srcset=\"https:\/\/sitz.ch\/wp-content\/uploads\/loeffler-plus-ergo-top-technologie\u200b-ergopoint-600x400.jpg.webp 600w, https:\/\/sitz.ch\/wp-content\/uploads\/loeffler-plus-ergo-top-technologie\u200b-ergopoint-1024x682.jpg.webp 1024w, https:\/\/sitz.ch\/wp-content\/uploads\/loeffler-plus-ergo-top-technologie\u200b-ergopoint-768x512.jpg.webp 768w, https:\/\/sitz.ch\/wp-content\/uploads\/loeffler-plus-ergo-top-technologie\u200b-ergopoint-1536x1024.jpg.webp 1536w, https:\/\/sitz.ch\/wp-content\/uploads\/loeffler-plus-ergo-top-technologie\u200b-ergopoint-64x43.jpg.webp 64w, https:\/\/sitz.ch\/wp-content\/uploads\/loeffler-plus-ergo-top-technologie\u200b-ergopoint.jpg.webp 2000w\" sizes=\"(max-width: 600px) 100vw, 600px\" title=\"\">\t\t\t\t\t\t\t\t\t\t\t\t\t\t\t<\/div>\n\t\t\t\t<\/div>\n\t\t\t\t<div class=\"elementor-element elementor-element-a0d8df7 elementor-widget elementor-widget-image\" data-id=\"a0d8df7\" data-element_type=\"widget\" data-e-type=\"widget\" data-widget_type=\"image.default\">\n\t\t\t\t<div class=\"elementor-widget-container\">\n\t\t\t\t\t\t\t\t\t\t\t\t\t\t\t<img decoding=\"async\" width=\"600\" height=\"243\" src=\"https:\/\/sitz.ch\/wp-content\/uploads\/loeffler-plus-ergo-top-technologie\u200b-bandscheiben-ergopoint-600x243.jpg\" class=\"attachment-medium size-medium wp-image-137273\" alt=\"\" srcset=\"https:\/\/sitz.ch\/wp-content\/uploads\/loeffler-plus-ergo-top-technologie\u200b-bandscheiben-ergopoint-600x243.jpg.webp 600w, https:\/\/sitz.ch\/wp-content\/uploads\/loeffler-plus-ergo-top-technologie\u200b-bandscheiben-ergopoint-1024x415.jpg.webp 1024w, https:\/\/sitz.ch\/wp-content\/uploads\/loeffler-plus-ergo-top-technologie\u200b-bandscheiben-ergopoint-768x311.jpg.webp 768w, https:\/\/sitz.ch\/wp-content\/uploads\/loeffler-plus-ergo-top-technologie\u200b-bandscheiben-ergopoint-1536x622.jpg.webp 1536w, https:\/\/sitz.ch\/wp-content\/uploads\/loeffler-plus-ergo-top-technologie\u200b-bandscheiben-ergopoint-64x26.jpg.webp 64w, https:\/\/sitz.ch\/wp-content\/uploads\/loeffler-plus-ergo-top-technologie\u200b-bandscheiben-ergopoint.jpg.webp 1672w\" sizes=\"(max-width: 600px) 100vw, 600px\" title=\"\">\t\t\t\t\t\t\t\t\t\t\t\t\t\t\t<\/div>\n\t\t\t\t<\/div>\n\t\t\t\t<\/div>\n\t\t\t\t\t<\/div>\n\t\t\t\t<\/section>\n\t\t<section class=\"elementor-element elementor-element-dba5d6c ergo-f-list e-flex e-con-boxed e-con e-parent\" data-id=\"dba5d6c\" data-element_type=\"container\" data-e-type=\"container\">\n\t\t\t\t\t<div class=\"e-con-inner\">\n\t\t<div class=\"elementor-element elementor-element-07362b8 e-con-full e-flex e-con e-child\" data-id=\"07362b8\" data-element_type=\"container\" data-e-type=\"container\">\n\t\t\t\t<div class=\"elementor-element elementor-element-a227def elementor-widget elementor-widget-heading\" data-id=\"a227def\" data-element_type=\"widget\" data-e-type=\"widget\" data-widget_type=\"heading.default\">\n\t\t\t\t<div class=\"elementor-widget-container\">\n\t\t\t\t\t<h3 class=\"elementor-heading-title elementor-size-default\">Stufenlose Sitzh\u00f6henverstellung<\/h3>\t\t\t\t<\/div>\n\t\t\t\t<\/div>\n\t\t\t\t<div class=\"elementor-element elementor-element-e220688 elementor-widget elementor-widget-text-editor\" data-id=\"e220688\" data-element_type=\"widget\" data-e-type=\"widget\" data-widget_type=\"text-editor.default\">\n\t\t\t\t<div class=\"elementor-widget-container\">\n\t\t\t\t\t\t\t\t\t<p>Alle B\u00fcrost\u00fchle sind mit einer hochwertigen Gasfeder ausgestattet, die eine pr\u00e4zise H\u00f6henverstellung von bis zu 11 cm erm\u00f6glicht. Dadurch l\u00e4sst sich die Sitzh\u00f6he flexibel anpassen, um eine ergonomische Sitzhaltung und maximalen Komfort zu gew\u00e4hrleisten. Diese Funktion ist ideal f\u00fcr Personen mit einer K\u00f6rpergr\u00f6sse zwischen 150 cm und 190 cm und bietet eine komfortable Anpassung f\u00fcr verschiedene Arbeitsumgebungen und Bed\u00fcrfnisse.<\/p><p>Erweiterte Optionen f\u00fcr spezifische Anforderungen<br \/>F\u00fcr Personen ausserhalb des Standardgr\u00f6ssenbereichs sind spezielle Gasfedern erh\u00e4ltlich, die eine noch gr\u00f6ssere oder niedrigere Sitzh\u00f6he erm\u00f6glichen. Dies stellt sicher, dass auch besonders kleine oder grosse Nutzer ergonomisch korrekt sitzen k\u00f6nnen. Kombiniert mit anderen Anpassungsfunktionen, wie der Synchronmechanik oder verstellbaren Armlehnen, sorgt die Sitzh\u00f6henverstellung f\u00fcr eine perfekte Integration in jede Arbeitsumgebung und optimale Unterst\u00fctzung bei langem Sitzen.<\/p>\t\t\t\t\t\t\t\t<\/div>\n\t\t\t\t<\/div>\n\t\t\t\t<\/div>\n\t\t<div class=\"elementor-element elementor-element-b0f60be e-con-full e-flex e-con e-child\" data-id=\"b0f60be\" data-element_type=\"container\" data-e-type=\"container\">\n\t\t\t\t<div class=\"elementor-element elementor-element-973bd38 elementor-widget elementor-widget-image\" data-id=\"973bd38\" data-element_type=\"widget\" data-e-type=\"widget\" data-widget_type=\"image.default\">\n\t\t\t\t<div class=\"elementor-widget-container\">\n\t\t\t\t\t\t\t\t\t\t\t\t\t\t\t<img decoding=\"async\" width=\"600\" height=\"600\" src=\"https:\/\/sitz.ch\/wp-content\/uploads\/loeffler-plus-stufenlose-sitzhoehenverstellung\u200b-ergopoint-600x600.jpg\" class=\"attachment-medium size-medium wp-image-137281\" alt=\"\" srcset=\"https:\/\/sitz.ch\/wp-content\/uploads\/loeffler-plus-stufenlose-sitzhoehenverstellung\u200b-ergopoint-600x600.jpg.webp 600w, https:\/\/sitz.ch\/wp-content\/uploads\/loeffler-plus-stufenlose-sitzhoehenverstellung\u200b-ergopoint-300x300.jpg.webp 300w, https:\/\/sitz.ch\/wp-content\/uploads\/loeffler-plus-stufenlose-sitzhoehenverstellung\u200b-ergopoint-768x768.jpg.webp 768w, https:\/\/sitz.ch\/wp-content\/uploads\/loeffler-plus-stufenlose-sitzhoehenverstellung\u200b-ergopoint-100x100.jpg.webp 100w, https:\/\/sitz.ch\/wp-content\/uploads\/loeffler-plus-stufenlose-sitzhoehenverstellung\u200b-ergopoint-135x135.jpg.webp 135w, https:\/\/sitz.ch\/wp-content\/uploads\/loeffler-plus-stufenlose-sitzhoehenverstellung\u200b-ergopoint-64x64.jpg.webp 64w, https:\/\/sitz.ch\/wp-content\/uploads\/loeffler-plus-stufenlose-sitzhoehenverstellung\u200b-ergopoint.jpg.webp 819w\" sizes=\"(max-width: 600px) 100vw, 600px\" title=\"\">\t\t\t\t\t\t\t\t\t\t\t\t\t\t\t<\/div>\n\t\t\t\t<\/div>\n\t\t\t\t<\/div>\n\t\t\t\t\t<\/div>\n\t\t\t\t<\/section>\n\t\t<section class=\"elementor-element elementor-element-6665e5f e-flex e-con-boxed e-con e-parent\" data-id=\"6665e5f\" data-element_type=\"container\" data-e-type=\"container\" data-settings=\"{&quot;background_background&quot;:&quot;classic&quot;}\">\n\t\t\t\t\t<div class=\"e-con-inner\">\n\t\t\t\t\t<\/div>\n\t\t\t\t<\/section>\n\t\t<section class=\"elementor-element elementor-element-182f56c ergo-f-list e-flex e-con-boxed e-con e-parent\" data-id=\"182f56c\" data-element_type=\"container\" data-e-type=\"container\">\n\t\t\t\t\t<div class=\"e-con-inner\">\n\t\t<div class=\"elementor-element elementor-element-b848777 e-con-full e-flex e-con e-child\" data-id=\"b848777\" data-element_type=\"container\" data-e-type=\"container\">\n\t\t\t\t<div class=\"elementor-element elementor-element-eb037a9 elementor-widget elementor-widget-heading\" data-id=\"eb037a9\" data-element_type=\"widget\" data-e-type=\"widget\" data-widget_type=\"heading.default\">\n\t\t\t\t<div class=\"elementor-widget-container\">\n\t\t\t\t\t<h3 class=\"elementor-heading-title elementor-size-default\">30 Jahre Garantie<\/h3>\t\t\t\t<\/div>\n\t\t\t\t<\/div>\n\t\t\t\t<div class=\"elementor-element elementor-element-70c46c4 elementor-widget elementor-widget-text-editor\" data-id=\"70c46c4\" data-element_type=\"widget\" data-e-type=\"widget\" data-widget_type=\"text-editor.default\">\n\t\t\t\t<div class=\"elementor-widget-container\">\n\t\t\t\t\t\t\t\t\t<p>F\u00fcr alle seit dem 1. Januar 2015 gekauften Produkte gew\u00e4hren wir eine 30-j\u00e4hrige Garantie auf die Mechanik sowie eine 10-j\u00e4hrige Garantie auf die Stoffe \u2013 ohne zus\u00e4tzliche Kosten. Diese Garantie unterstreicht unser Vertrauen in die hochwertige Qualit\u00e4t und Langlebigkeit unserer Produkte.<\/p><p>Die Garantie gilt ausschliesslich bei Vorlage der Originalrechnung. Polstermaterialien sind von der 30-j\u00e4hrigen Garantie ausgenommen, da sie einem nat\u00fcrlichen Alterungsprozess unterliegen und gesondert betrachtet werden. Dieser umfassende Service ist Ausdruck unseres Engagements f\u00fcr dauerhafte Zufriedenheit und nachhaltige Qualit\u00e4t.<\/p>\t\t\t\t\t\t\t\t<\/div>\n\t\t\t\t<\/div>\n\t\t\t\t<\/div>\n\t\t<div class=\"elementor-element elementor-element-83345e3 e-con-full e-flex e-con e-child\" data-id=\"83345e3\" data-element_type=\"container\" data-e-type=\"container\">\n\t\t\t\t<div class=\"elementor-element elementor-element-934126c elementor-widget elementor-widget-image\" data-id=\"934126c\" data-element_type=\"widget\" data-e-type=\"widget\" data-widget_type=\"image.default\">\n\t\t\t\t<div class=\"elementor-widget-container\">\n\t\t\t\t\t\t\t\t\t\t\t\t\t\t\t<img decoding=\"async\" width=\"600\" height=\"399\" src=\"https:\/\/sitz.ch\/wp-content\/uploads\/loeffler-30-jahre-garantie-german-quality-ergopoint-600x399.jpg\" class=\"attachment-medium size-medium wp-image-137285\" alt=\"\" srcset=\"https:\/\/sitz.ch\/wp-content\/uploads\/loeffler-30-jahre-garantie-german-quality-ergopoint-600x399.jpg.webp 600w, https:\/\/sitz.ch\/wp-content\/uploads\/loeffler-30-jahre-garantie-german-quality-ergopoint-1024x681.jpg.webp 1024w, https:\/\/sitz.ch\/wp-content\/uploads\/loeffler-30-jahre-garantie-german-quality-ergopoint-768x511.jpg.webp 768w, https:\/\/sitz.ch\/wp-content\/uploads\/loeffler-30-jahre-garantie-german-quality-ergopoint-1536x1022.jpg.webp 1536w, https:\/\/sitz.ch\/wp-content\/uploads\/loeffler-30-jahre-garantie-german-quality-ergopoint-64x43.jpg.webp 64w, https:\/\/sitz.ch\/wp-content\/uploads\/loeffler-30-jahre-garantie-german-quality-ergopoint.jpg.webp 2000w\" sizes=\"(max-width: 600px) 100vw, 600px\" title=\"\">\t\t\t\t\t\t\t\t\t\t\t\t\t\t\t<\/div>\n\t\t\t\t<\/div>\n\t\t\t\t<\/div>\n\t\t\t\t\t<\/div>\n\t\t\t\t<\/section>\n\t\t<section class=\"elementor-element elementor-element-ab96a27 ergo-f-list e-flex e-con-boxed e-con e-parent\" data-id=\"ab96a27\" data-element_type=\"container\" data-e-type=\"container\">\n\t\t\t\t\t<div class=\"e-con-inner\">\n\t\t<div class=\"elementor-element elementor-element-8be96b1 e-con-full e-flex e-con e-child\" data-id=\"8be96b1\" data-element_type=\"container\" data-e-type=\"container\">\n\t\t\t\t<div class=\"elementor-element elementor-element-a7dedd0 elementor-widget elementor-widget-heading\" data-id=\"a7dedd0\" data-element_type=\"widget\" data-e-type=\"widget\" data-widget_type=\"heading.default\">\n\t\t\t\t<div class=\"elementor-widget-container\">\n\t\t\t\t\t<h3 class=\"elementor-heading-title elementor-size-default\">Nachhaltige und robuste Stoffe<\/h3>\t\t\t\t<\/div>\n\t\t\t\t<\/div>\n\t\t\t\t<div class=\"elementor-element elementor-element-bd6d832 elementor-widget elementor-widget-n-accordion\" data-id=\"bd6d832\" data-element_type=\"widget\" data-e-type=\"widget\" data-settings=\"{&quot;default_state&quot;:&quot;all_collapsed&quot;,&quot;n_accordion_animation_duration&quot;:{&quot;unit&quot;:&quot;ms&quot;,&quot;size&quot;:100,&quot;sizes&quot;:[]},&quot;max_items_expended&quot;:&quot;one&quot;}\" data-widget_type=\"nested-accordion.default\">\n\t\t\t\t<div class=\"elementor-widget-container\">\n\t\t\t\t\t\t\t<div class=\"e-n-accordion\" aria-label=\"Accordion. Open links with Enter or Space, close with Escape, and navigate with Arrow Keys\">\n\t\t\t\t\t\t<details id=\"e-n-accordion-item-1980\" class=\"e-n-accordion-item\" >\n\t\t\t\t<summary class=\"e-n-accordion-item-title\" data-accordion-index=\"1\" tabindex=\"0\" aria-expanded=\"false\" aria-controls=\"e-n-accordion-item-1980\" >\n\t\t\t\t\t<span class='e-n-accordion-item-title-header'><h4 class=\"e-n-accordion-item-title-text\"> Stoff Essential <\/h4><\/span>\n\t\t\t\t\t\t\t<span class='e-n-accordion-item-title-icon'>\n\t\t\t<span class='e-opened' ><i aria-hidden=\"true\" class=\"fas fa-chevron-up\"><\/i><\/span>\n\t\t\t<span class='e-closed'><i aria-hidden=\"true\" class=\"fas fa-chevron-down\"><\/i><\/span>\n\t\t<\/span>\n\n\t\t\t\t\t\t<\/summary>\n\t\t\t\t<div role=\"region\" aria-labelledby=\"e-n-accordion-item-1980\" class=\"elementor-element elementor-element-5bad128 e-con-full e-flex e-con e-child\" data-id=\"5bad128\" data-element_type=\"container\" data-e-type=\"container\">\n\t\t\t\t<div class=\"elementor-element elementor-element-0d5397d elementor-widget elementor-widget-text-editor\" data-id=\"0d5397d\" data-element_type=\"widget\" data-e-type=\"widget\" data-widget_type=\"text-editor.default\">\n\t\t\t\t<div class=\"elementor-widget-container\">\n\t\t\t\t\t\t\t\t\t<p>Ein subtiler, zweifarbiger Polyesterstoff, der zur Vereinfachung der Polsterung in beide Richtungen dehnbar ist.<br \/>Das Fischgr\u00e4t-Gewebe bietet eine schlicht moderne Textur, w\u00e4hrend seine F\u00e4rbung in der n\u00e4heren Betrachtung fasziniert.<br \/>Robust und pflegeleicht, ist er ideal f\u00fcr t\u00e4glichen Gebrauch Zuhause oder im B\u00fcro.<\/p><ul><li>Zusammensetzung: 100% Polyester<\/li><li>Gewicht: 320 g\/m\u00b2 \u00b15%<\/li><li>Breite: 140 cm<\/li><li>Scheuerfestigkeit: (Martindale)<br \/>UNI EN ISO 12947-2<br \/>\u2265100,000 Touren<br \/>10 Jahre Garantie<\/li><li>Pilling: UNI EN ISO 12945-2<br \/>4-5<\/li><li>Lichtechtheit: (Xenotest) UNI EN ISO 105 B02<br \/>5<\/li><li>Reibechtheit: UNI EN ISO 105 X12<br \/>trocken: 4<br \/>nass: 4<\/li><li>Farbabweichungen: Leichte Farbunterschiede sind zwischen<br \/>zwei Partien als normal zu betrachten.<\/li><li>Reinigung &amp; Waschen: Regelm\u00e4\u00dfig absaugen. Mit einem<br \/>feuchten Tuch abwischen oder mit einem geeigneten<br \/>Polstershampoo behandeln. F\u00fcr eine Grundreinigung<br \/>bitte Dampf, Chlorbleiche, Alkohol oder professionelle<br \/>Trockenreinigung verwenden. Kann bei 60\u00b0C gewaschen<br \/>werden.<\/li><li>Feuersicherung:<br \/>EN 1021 &#8211; 1&amp;2 (Zigarettentest &amp; Streichholztest)<br \/>BS 7176 Low Hazard<br \/>EN 13501-1 Adhered Class B, s1, d0<br \/>EN 13501-1 Un-adhered Class C, s1, d0<br \/>Bitte bei Auftragserteilung angeben:<br \/>BS 5852 Ignition Source 5 mit EnviroFlam5<br \/>BS 7176 Medium Hazard mit EnviroFlam5<br \/>The Furniture and Furnishing (Fire Safety) Regulations 1988 (UK<br \/>Wohnm\u00f6bel Zigarettentest und Streichholztest) mit EnviroFlam5<br \/>DIN 4102 B1 mit FR (Gorts) ausger\u00fcstet<br \/>BS 5867-2: Type B Curtains &amp; Drapes mit FR (Gorts) ausger\u00fcstet<br \/>EN 13773 Class 1 mit FR (Gorts) ausger\u00fcstet<\/li><\/ul>\t\t\t\t\t\t\t\t<\/div>\n\t\t\t\t<\/div>\n\t\t\t\t<\/div>\n\t\t\t\t\t<\/details>\n\t\t\t\t\t<\/div>\n\t\t\t\t\t\t<\/div>\n\t\t\t\t<\/div>\n\t\t\t\t<div class=\"elementor-element elementor-element-faf86e8 elementor-widget elementor-widget-text-editor\" data-id=\"faf86e8\" data-element_type=\"widget\" data-e-type=\"widget\" data-widget_type=\"text-editor.default\">\n\t\t\t\t<div class=\"elementor-widget-container\">\n\t\t\t\t\t\t\t\t\t<p>Farbdarstellung: Aufgrund unterschiedlicher Bildschirmeinstellungen k\u00f6nnen die angezeigten Farben von den tats\u00e4chlichen Lederfarben abweichen. Wir empfehlen Ihnen, vor dem Kauf unsere Explore Box mit Ledermustern \u00fcber den Online-Shop zu bestellen.<\/p>\t\t\t\t\t\t\t\t<\/div>\n\t\t\t\t<\/div>\n\t\t\t\t<div class=\"elementor-element elementor-element-7d37469 elementor-widget elementor-widget-button\" data-id=\"7d37469\" data-element_type=\"widget\" data-e-type=\"widget\" data-widget_type=\"button.default\">\n\t\t\t\t<div class=\"elementor-widget-container\">\n\t\t\t\t\t\t\t\t\t<div class=\"elementor-button-wrapper\">\n\t\t\t\t\t<a class=\"elementor-button elementor-button-link elementor-size-sm\" href=\"https:\/\/sitz.ch\/wp-content\/uploads\/loeffler-farbkollektion-stoff-spezifikationen-2024-ergopoint.pdf\">\n\t\t\t\t\t\t<span class=\"elementor-button-content-wrapper\">\n\t\t\t\t\t\t\t\t\t<span class=\"elementor-button-text\">Farbkollektion herunterladen<\/span>\n\t\t\t\t\t<\/span>\n\t\t\t\t\t<\/a>\n\t\t\t\t<\/div>\n\t\t\t\t\t\t\t\t<\/div>\n\t\t\t\t<\/div>\n\t\t\t\t<\/div>\n\t\t<div class=\"elementor-element elementor-element-9a671a3 e-con-full e-flex e-con e-child\" data-id=\"9a671a3\" data-element_type=\"container\" data-e-type=\"container\">\n\t\t\t\t<div class=\"elementor-element elementor-element-6c2fdd1 elementor-widget elementor-widget-image\" data-id=\"6c2fdd1\" data-element_type=\"widget\" data-e-type=\"widget\" data-widget_type=\"image.default\">\n\t\t\t\t<div class=\"elementor-widget-container\">\n\t\t\t\t\t\t\t\t\t\t\t\t\t\t\t<img decoding=\"async\" width=\"600\" height=\"600\" src=\"https:\/\/sitz.ch\/wp-content\/uploads\/loeffler-stoff-leder-material-ergopoint-600x600.jpg\" class=\"attachment-medium size-medium wp-image-137292\" alt=\"\" srcset=\"https:\/\/sitz.ch\/wp-content\/uploads\/loeffler-stoff-leder-material-ergopoint-600x600.jpg.webp 600w, https:\/\/sitz.ch\/wp-content\/uploads\/loeffler-stoff-leder-material-ergopoint-1024x1024.jpg.webp 1024w, https:\/\/sitz.ch\/wp-content\/uploads\/loeffler-stoff-leder-material-ergopoint-300x300.jpg.webp 300w, https:\/\/sitz.ch\/wp-content\/uploads\/loeffler-stoff-leder-material-ergopoint-768x768.jpg.webp 768w, https:\/\/sitz.ch\/wp-content\/uploads\/loeffler-stoff-leder-material-ergopoint-100x100.jpg.webp 100w, https:\/\/sitz.ch\/wp-content\/uploads\/loeffler-stoff-leder-material-ergopoint-135x135.jpg.webp 135w, https:\/\/sitz.ch\/wp-content\/uploads\/loeffler-stoff-leder-material-ergopoint-64x64.jpg.webp 64w, https:\/\/sitz.ch\/wp-content\/uploads\/loeffler-stoff-leder-material-ergopoint.jpg.webp 1134w\" sizes=\"(max-width: 600px) 100vw, 600px\" title=\"\">\t\t\t\t\t\t\t\t\t\t\t\t\t\t\t<\/div>\n\t\t\t\t<\/div>\n\t\t\t\t<\/div>\n\t\t\t\t\t<\/div>\n\t\t\t\t<\/section>\n\t\t<section class=\"elementor-element elementor-element-24c522e ergo-f-list e-flex e-con-boxed e-con e-parent\" data-id=\"24c522e\" data-element_type=\"container\" data-e-type=\"container\">\n\t\t\t\t\t<div class=\"e-con-inner\">\n\t\t<div class=\"elementor-element elementor-element-efb8812 e-con-full e-flex e-con e-child\" data-id=\"efb8812\" data-element_type=\"container\" data-e-type=\"container\">\n\t\t\t\t<div class=\"elementor-element elementor-element-7fdbd96 elementor-widget elementor-widget-heading\" data-id=\"7fdbd96\" data-element_type=\"widget\" data-e-type=\"widget\" data-widget_type=\"heading.default\">\n\t\t\t\t<div class=\"elementor-widget-container\">\n\t\t\t\t\t<h3 class=\"elementor-heading-title elementor-size-default\">IGR Zertifizierung<\/h3>\t\t\t\t<\/div>\n\t\t\t\t<\/div>\n\t\t\t\t<div class=\"elementor-element elementor-element-8848243 elementor-widget elementor-widget-text-editor\" data-id=\"8848243\" data-element_type=\"widget\" data-e-type=\"widget\" data-widget_type=\"text-editor.default\">\n\t\t\t\t<div class=\"elementor-widget-container\">\n\t\t\t\t\t\t\t\t\t<p>Die innovative ERGO TOP-Technologie wurde vom renommierten Institut f\u00fcr Gesundheit und Ergonomie (IGR) ausgezeichnet. Dieses unabh\u00e4ngige Expertennetzwerk aus \u00c4rzten, Physiotherapeuten, Wissenschaftlern und Produktentwicklern setzt sich aktiv f\u00fcr die F\u00f6rderung von Gesundheit und Wohlbefinden im Alltag ein.<\/p><p>Das IGR hat die Produkte von L\u00f6ffler mit dem Siegel \u201eErgonomisches Produkt\u201c zertifiziert. Diese Auszeichnung wird ausschliesslich an Produkte verliehen, die umfassende und strenge Pr\u00fcfverfahren erfolgreich durchlaufen. Besonders gepr\u00fcft wurde, wie gut die St\u00fchle und Hocker auf die individuellen k\u00f6rperlichen Anforderungen der Nutzenden abgestimmt sind und ergonomischen Sitzkomfort f\u00f6rdern.<\/p>\t\t\t\t\t\t\t\t<\/div>\n\t\t\t\t<\/div>\n\t\t\t\t<\/div>\n\t\t<div class=\"elementor-element elementor-element-0f4885f e-con-full e-flex e-con e-child\" data-id=\"0f4885f\" data-element_type=\"container\" data-e-type=\"container\">\n\t\t\t\t<div class=\"elementor-element elementor-element-3a9cd57 elementor-widget elementor-widget-image\" data-id=\"3a9cd57\" data-element_type=\"widget\" data-e-type=\"widget\" data-widget_type=\"image.default\">\n\t\t\t\t<div class=\"elementor-widget-container\">\n\t\t\t\t\t\t\t\t\t\t\t\t\t\t\t<img decoding=\"async\" width=\"600\" height=\"400\" src=\"https:\/\/sitz.ch\/wp-content\/uploads\/loeffler-igr-zertifizierung-ergonomie\u200b-ergopoint-600x400.jpg\" class=\"attachment-medium size-medium wp-image-137249\" alt=\"\" srcset=\"https:\/\/sitz.ch\/wp-content\/uploads\/loeffler-igr-zertifizierung-ergonomie\u200b-ergopoint-600x400.jpg.webp 600w, https:\/\/sitz.ch\/wp-content\/uploads\/loeffler-igr-zertifizierung-ergonomie\u200b-ergopoint-768x512.jpg.webp 768w, https:\/\/sitz.ch\/wp-content\/uploads\/loeffler-igr-zertifizierung-ergonomie\u200b-ergopoint-64x43.jpg.webp 64w, https:\/\/sitz.ch\/wp-content\/uploads\/loeffler-igr-zertifizierung-ergonomie\u200b-ergopoint.jpg.webp 1024w\" sizes=\"(max-width: 600px) 100vw, 600px\" title=\"\">\t\t\t\t\t\t\t\t\t\t\t\t\t\t\t<\/div>\n\t\t\t\t<\/div>\n\t\t\t\t<\/div>\n\t\t\t\t\t<\/div>\n\t\t\t\t<\/section>\n\t\t<section class=\"elementor-element elementor-element-d5eb728 ergo-f-list e-flex e-con-boxed e-con e-parent\" data-id=\"d5eb728\" data-element_type=\"container\" data-e-type=\"container\">\n\t\t\t\t\t<div class=\"e-con-inner\">\n\t\t<div class=\"elementor-element elementor-element-1e44654 e-con-full e-flex e-con e-child\" data-id=\"1e44654\" data-element_type=\"container\" data-e-type=\"container\">\n\t\t\t\t<div class=\"elementor-element elementor-element-996a00a elementor-widget elementor-widget-heading\" data-id=\"996a00a\" data-element_type=\"widget\" data-e-type=\"widget\" data-widget_type=\"heading.default\">\n\t\t\t\t<div class=\"elementor-widget-container\">\n\t\t\t\t\t<h3 class=\"elementor-heading-title elementor-size-default\">Handmade in Germany<\/h3>\t\t\t\t<\/div>\n\t\t\t\t<\/div>\n\t\t\t\t<div class=\"elementor-element elementor-element-d5b894a elementor-widget elementor-widget-text-editor\" data-id=\"d5b894a\" data-element_type=\"widget\" data-e-type=\"widget\" data-widget_type=\"text-editor.default\">\n\t\t\t\t<div class=\"elementor-widget-container\">\n\t\t\t\t\t\t\t\t\t<p>In der Fabrik in Hersbruck, im Herzen Deutschlands, entstehen auf rund 2.200 Quadratmetern Sitzm\u00f6bel, die f\u00fcr h\u00f6chste Qualit\u00e4t und Nachhaltigkeit stehen. Rund 40 erfahrene Fachkr\u00e4fte des L\u00f6ffler-Teams polstern, n\u00e4hen und montieren jedes M\u00f6belst\u00fcck mit Pr\u00e4zision und Leidenschaft.<\/p><p>Die verwendeten Materialien wie Sch\u00e4ume sind frei von FCKW und H-FCKW, die Kunststoffe schadstofffrei, und das Holz stammt aus nachhaltiger europ\u00e4ischer Forstwirtschaft. Das hochwertige Leder wird nur von deutschen Bauernh\u00f6fen bezogen und dabei auf kurze Transportwege und h\u00f6chste Standards geachtet.<\/p><p>Dieser Anspruch an Nachhaltigkeit zeigt sich auch in der Recyclingf\u00e4higkeit der M\u00f6bel: Bis zu 97 % der verwendeten Materialien k\u00f6nnen wiederverwertet werden.<\/p><p>\u201e100 % Made in Germany\u201c bedeutet nicht nur handwerkliche Perfektion, sondern auch eine Liebe zum Detail, die jedes St\u00fcck einzigartig macht.<\/p>\t\t\t\t\t\t\t\t<\/div>\n\t\t\t\t<\/div>\n\t\t\t\t<\/div>\n\t\t<div class=\"elementor-element elementor-element-9b92b7a e-con-full e-flex e-con e-child\" data-id=\"9b92b7a\" data-element_type=\"container\" data-e-type=\"container\">\n\t\t\t\t<div class=\"elementor-element elementor-element-a23babd elementor-widget elementor-widget-image\" data-id=\"a23babd\" data-element_type=\"widget\" data-e-type=\"widget\" data-widget_type=\"image.default\">\n\t\t\t\t<div class=\"elementor-widget-container\">\n\t\t\t\t\t\t\t\t\t\t\t\t\t\t\t<img decoding=\"async\" width=\"400\" height=\"600\" src=\"https:\/\/sitz.ch\/wp-content\/uploads\/loeffler-brasilian-chair-handmade-in-germany-ergopoint-400x600.jpg\" class=\"attachment-medium size-medium wp-image-137430\" alt=\"\" srcset=\"https:\/\/sitz.ch\/wp-content\/uploads\/loeffler-brasilian-chair-handmade-in-germany-ergopoint-400x600.jpg.webp 400w, https:\/\/sitz.ch\/wp-content\/uploads\/loeffler-brasilian-chair-handmade-in-germany-ergopoint-682x1024.jpg.webp 682w, https:\/\/sitz.ch\/wp-content\/uploads\/loeffler-brasilian-chair-handmade-in-germany-ergopoint-768x1152.jpg.webp 768w, https:\/\/sitz.ch\/wp-content\/uploads\/loeffler-brasilian-chair-handmade-in-germany-ergopoint-1024x1536.jpg.webp 1024w, https:\/\/sitz.ch\/wp-content\/uploads\/loeffler-brasilian-chair-handmade-in-germany-ergopoint-600x900.jpg.webp 600w, https:\/\/sitz.ch\/wp-content\/uploads\/loeffler-brasilian-chair-handmade-in-germany-ergopoint-64x96.jpg.webp 64w, https:\/\/sitz.ch\/wp-content\/uploads\/loeffler-brasilian-chair-handmade-in-germany-ergopoint.jpg.webp 1333w\" sizes=\"(max-width: 400px) 100vw, 400px\" title=\"\">\t\t\t\t\t\t\t\t\t\t\t\t\t\t\t<\/div>\n\t\t\t\t<\/div>\n\t\t\t\t<\/div>\n\t\t\t\t\t<\/div>\n\t\t\t\t<\/section>\n\t\t\t\t<\/div>\n\t\t","protected":false},"excerpt":{"rendered":"<p>Der Lezgo Air Drehstuhl mit grauer R\u00fcckenlehne ist perfekt f\u00fcr alle, die Komfort und Stil im Home-Office oder B\u00fcro suchen. Der atmungsaktive Netzr\u00fccken mit integrierten Federn, in sechs Farben erh\u00e4ltlich, bietet optimale Bel\u00fcftung und Unterst\u00fctzung \u2013 ideal f\u00fcr lange Arbeitstage. Der ergonomische B\u00fcrostuhl verf\u00fcgt \u00fcber unsere ERGO TOP-Technologie, eine verstellbare Sitztiefe, Armlehnen und eine bequeme Polsterung, die f\u00fcr anhaltenden Komfort sorgen. Kaufen Sie diesen B\u00fcrostuhl oder st\u00f6bern Sie durch andere B\u00fcrost\u00fchle von L\u00f6ffler.<\/p>\n","protected":false},"featured_media":154605,"comment_status":"open","ping_status":"closed","template":"","meta":{"_acf_changed":false},"pwb-brand":[162],"product_brand":[],"product_cat":[445,33,25,78],"product_tag":[],"class_list":{"0":"post-154442","1":"product","2":"type-product","3":"status-publish","4":"has-post-thumbnail","6":"pwb-brand-loeffler","7":"product_cat-10-jahre-garantie","8":"product_cat-buerostuhl-konventionell","9":"product_cat-sitz-systeme","10":"product_cat-netzbuerostuhl","11":"pa_bezug-stoff-beige-essential-a36-netz-beige","12":"pa_bezug-stoff-blau-essential-a37-netz-blau","13":"pa_bezug-stoff-braun-essential-a58-netz-braun","14":"pa_bezug-stoff-grau-essential-a32-netz-grau","15":"pa_bezug-stoff-rot-essential-a51-netz-rot","16":"pa_bezug-stoff-schwarz-essential-a30-netz-beige","17":"pa_bezug-stoff-schwarz-essential-a30-netz-blau","18":"pa_bezug-stoff-schwarz-essential-a30-netz-braun","19":"pa_bezug-stoff-schwarz-essential-a30-netz-grau","20":"pa_bezug-stoff-schwarz-essential-a30-netz-rot","21":"pa_bezug-stoff-schwarz-essential-a30-netz-schwarz","22":"tm-no-options-pxq","24":"first","25":"outofstock","26":"featured","27":"taxable","28":"shipping-taxable","29":"purchasable","30":"product-type-variable","31":"has-default-attributes"},"acf":[],"brands":[{"id":162,"name":"L\u00f6ffler","slug":"loeffler"}],"_links":{"self":[{"href":"https:\/\/sitz.ch\/en\/wp-json\/wp\/v2\/product\/154442","targetHints":{"allow":["GET"]}}],"collection":[{"href":"https:\/\/sitz.ch\/en\/wp-json\/wp\/v2\/product"}],"about":[{"href":"https:\/\/sitz.ch\/en\/wp-json\/wp\/v2\/types\/product"}],"replies":[{"embeddable":true,"href":"https:\/\/sitz.ch\/en\/wp-json\/wp\/v2\/comments?post=154442"}],"version-history":[{"count":9,"href":"https:\/\/sitz.ch\/en\/wp-json\/wp\/v2\/product\/154442\/revisions"}],"predecessor-version":[{"id":157286,"href":"https:\/\/sitz.ch\/en\/wp-json\/wp\/v2\/product\/154442\/revisions\/157286"}],"wp:featuredmedia":[{"embeddable":true,"href":"https:\/\/sitz.ch\/en\/wp-json\/wp\/v2\/media\/154605"}],"wp:attachment":[{"href":"https:\/\/sitz.ch\/en\/wp-json\/wp\/v2\/media?parent=154442"}],"wp:term":[{"taxonomy":"pwb-brand","embeddable":true,"href":"https:\/\/sitz.ch\/en\/wp-json\/wp\/v2\/pwb-brand?post=154442"},{"taxonomy":"product_brand","embeddable":true,"href":"https:\/\/sitz.ch\/en\/wp-json\/wp\/v2\/product_brand?post=154442"},{"taxonomy":"product_cat","embeddable":true,"href":"https:\/\/sitz.ch\/en\/wp-json\/wp\/v2\/product_cat?post=154442"},{"taxonomy":"product_tag","embeddable":true,"href":"https:\/\/sitz.ch\/en\/wp-json\/wp\/v2\/product_tag?post=154442"}],"curies":[{"name":"wp","href":"https:\/\/api.w.org\/{rel}","templated":true}]}}