{"id":144399,"date":"2024-11-02T09:45:45","date_gmt":"2024-11-02T08:45:45","guid":{"rendered":"https:\/\/sitz.ch\/produkt\/loeffler-brasilian-chair\/"},"modified":"2025-11-29T15:19:51","modified_gmt":"2025-11-29T14:19:51","slug":"loeffler-brasilian-chair","status":"publish","type":"product","link":"https:\/\/sitz.ch\/fr\/produit\/loeffler-brasilian-chair\/","title":{"rendered":"L\u00f6ffler Brasilian Chair"},"content":{"rendered":"\t\t<div data-elementor-type=\"product-post\" data-elementor-id=\"144399\" class=\"elementor elementor-144399 elementor-136274\" data-elementor-post-type=\"product\">\n\t\t\t\t<section class=\"elementor-element elementor-element-1034637 ergo-f-list e-flex e-con-boxed e-con e-parent\" data-id=\"1034637\" data-element_type=\"container\" data-e-type=\"container\">\n\t\t\t\t\t<div class=\"e-con-inner\">\n\t\t<div class=\"elementor-element elementor-element-8841251 e-con-full e-flex e-con e-child\" data-id=\"8841251\" data-element_type=\"container\" data-e-type=\"container\">\n\t\t\t\t<div class=\"elementor-element elementor-element-39dfdb4 elementor-widget elementor-widget-heading\" data-id=\"39dfdb4\" data-element_type=\"widget\" data-e-type=\"widget\" data-widget_type=\"heading.default\">\n\t\t\t\t<div class=\"elementor-widget-container\">\n\t\t\t\t\t<h3 class=\"elementor-heading-title elementor-size-default\">Confort comme sur un canap\u00e9 de luxe<\/h3>\t\t\t\t<\/div>\n\t\t\t\t<\/div>\n\t\t\t\t<div class=\"elementor-element elementor-element-2566df2 elementor-widget elementor-widget-text-editor\" data-id=\"2566df2\" data-element_type=\"widget\" data-e-type=\"widget\" data-widget_type=\"text-editor.default\">\n\t\t\t\t<div class=\"elementor-widget-container\">\n\t\t\t\t\t\t\t\t\t<p>La chaise Brasiliana apporte l\u2019inimitable \u00ab modo de vida \u00bb br\u00e9silien au bureau, combinant design \u00e9l\u00e9gant et confort d&rsquo;assise exceptionnel. Avec sa surface d&rsquo;assise et de dossier ergonomiquement form\u00e9e et son rembourrage g\u00e9n\u00e9reux, ce si\u00e8ge de bureau \u00e9tablit de nouvelles normes pour une assise d\u00e9tendue et saine.<\/p>\n<p>Un point fort est le noyau \u00e0 ressorts ensach\u00e9s, combin\u00e9 avec de la mousse \u00e0 m\u00e9moire de forme visco\u00e9lastique adaptable \u2013 initialement d\u00e9velopp\u00e9e pour l\u2019a\u00e9rospatiale. Ce duo assure une sensation d&rsquo;assise extr\u00eamement agr\u00e9able, comparable au confort d&rsquo;un canap\u00e9 luxueux. Le rev\u00eatement respirant compl\u00e8te parfaitement le plaisir d\u2019assise en restant agr\u00e9ablement frais en \u00e9t\u00e9 et d\u00e9licieusement chaud en hiver.<\/p>\n\t\t\t\t\t\t\t\t<\/div>\n\t\t\t\t<\/div>\n\t\t\t\t<\/div>\n\t\t<div class=\"elementor-element elementor-element-59c8368 e-con-full e-flex e-con e-child\" data-id=\"59c8368\" data-element_type=\"container\" data-e-type=\"container\">\n\t\t\t\t<div class=\"elementor-element elementor-element-22b52cb elementor-widget elementor-widget-image\" data-id=\"22b52cb\" data-element_type=\"widget\" data-e-type=\"widget\" data-widget_type=\"image.default\">\n\t\t\t\t<div class=\"elementor-widget-container\">\n\t\t\t\t\t\t\t\t\t\t\t\t\t\t\t<img decoding=\"async\" width=\"450\" height=\"600\" src=\"https:\/\/sitz.ch\/wp-content\/uploads\/loeffler-plus-taschenfederkern-sitz\u200b-ergopoint-450x600.jpg\" class=\"attachment-medium size-medium wp-image-144002\" alt=\"\" srcset=\"https:\/\/sitz.ch\/wp-content\/uploads\/loeffler-plus-taschenfederkern-sitz\u200b-ergopoint-450x600.jpg 450w, https:\/\/sitz.ch\/wp-content\/uploads\/loeffler-plus-taschenfederkern-sitz\u200b-ergopoint-600x800.jpg 600w, https:\/\/sitz.ch\/wp-content\/uploads\/loeffler-plus-taschenfederkern-sitz\u200b-ergopoint-64x85.jpg 64w, https:\/\/sitz.ch\/wp-content\/uploads\/loeffler-plus-taschenfederkern-sitz\u200b-ergopoint.jpg 720w\" sizes=\"(max-width: 450px) 100vw, 450px\" title=\"\">\t\t\t\t\t\t\t\t\t\t\t\t\t\t\t<\/div>\n\t\t\t\t<\/div>\n\t\t\t\t<\/div>\n\t\t\t\t\t<\/div>\n\t\t\t\t<\/section>\n\t\t<section class=\"elementor-element elementor-element-0111cb8 ergo-f-list e-flex e-con-boxed e-con e-parent\" data-id=\"0111cb8\" data-element_type=\"container\" data-e-type=\"container\">\n\t\t\t\t\t<div class=\"e-con-inner\">\n\t\t<div class=\"elementor-element elementor-element-3522c9b e-con-full e-flex e-con e-child\" data-id=\"3522c9b\" data-element_type=\"container\" data-e-type=\"container\">\n\t\t\t\t<div class=\"elementor-element elementor-element-13aa6a4 elementor-widget elementor-widget-heading\" data-id=\"13aa6a4\" data-element_type=\"widget\" data-e-type=\"widget\" data-widget_type=\"heading.default\">\n\t\t\t\t<div class=\"elementor-widget-container\">\n\t\t\t\t\t<h3 class=\"elementor-heading-title elementor-size-default\">Technologie ERGO TOP avec fixation<\/h3>\t\t\t\t<\/div>\n\t\t\t\t<\/div>\n\t\t\t\t<div class=\"elementor-element elementor-element-ae82e11 elementor-widget elementor-widget-text-editor\" data-id=\"ae82e11\" data-element_type=\"widget\" data-e-type=\"widget\" data-widget_type=\"text-editor.default\">\n\t\t\t\t<div class=\"elementor-widget-container\">\n\t\t\t\t\t\t\t\t\t<p>ERGO TOP repr\u00e9sente une assise active et dynamique qui maintient la musculature en mouvement gr\u00e2ce \u00e0 un \u00e9quilibrage continu du centre de gravit\u00e9 du corps. Cette technologie, d\u00e9velopp\u00e9e en \u00e9troite collaboration avec l&rsquo;Universit\u00e9 technique de Munich, combine les avantages d&rsquo;un ballon de gymnastique avec un soutien ergonomique.<\/p>\n<p>Avec une assise mobile \u00e0 360\u00b0 et un r\u00e9glage de la profondeur d&rsquo;assise, ERGO TOP favorise les mouvements naturels et soutient une posture assise droite. Que ce soit pour se pencher, se tourner ou saisir quelque chose \u2013 l&rsquo;assise s&rsquo;adapte de fa\u00e7on flexible et compl\u00e8te parfaitement la m\u00e9canique synchronis\u00e9e passive des chaises.<\/p>\n<p>Initialement utilis\u00e9e dans la s\u00e9rie de tabourets \u00ab Ergo &amp; Friends \u00bb, ERGO TOP est aujourd&rsquo;hui une caract\u00e9ristique centrale de toutes les chaises pivotantes L\u00f6ffler. Cette innovation, reposant sur une physiologie du travail scientifiquement fond\u00e9e, aide \u00e0 renforcer le dos et la musculature, \u00e0 surmonter les habitudes s\u00e9dentaires et \u00e0 promouvoir la sant\u00e9 \u00e0 long terme.<\/p>\n\t\t\t\t\t\t\t\t<\/div>\n\t\t\t\t<\/div>\n\t\t\t\t<\/div>\n\t\t<div class=\"elementor-element elementor-element-a691923 e-con-full e-flex e-con e-child\" data-id=\"a691923\" data-element_type=\"container\" data-e-type=\"container\">\n\t\t\t\t<div class=\"elementor-element elementor-element-7fda12e elementor-widget elementor-widget-image\" data-id=\"7fda12e\" data-element_type=\"widget\" data-e-type=\"widget\" data-widget_type=\"image.default\">\n\t\t\t\t<div class=\"elementor-widget-container\">\n\t\t\t\t\t\t\t\t\t\t\t\t\t\t\t<img decoding=\"async\" width=\"600\" height=\"400\" src=\"https:\/\/sitz.ch\/wp-content\/uploads\/loeffler-plus-ergo-top-technologie\u200b-ergopoint-600x400.jpg\" class=\"attachment-medium size-medium wp-image-144011\" alt=\"\" srcset=\"https:\/\/sitz.ch\/wp-content\/uploads\/loeffler-plus-ergo-top-technologie\u200b-ergopoint-600x400.jpg 600w, https:\/\/sitz.ch\/wp-content\/uploads\/loeffler-plus-ergo-top-technologie\u200b-ergopoint-1024x682.jpg 1024w, https:\/\/sitz.ch\/wp-content\/uploads\/loeffler-plus-ergo-top-technologie\u200b-ergopoint-768x512.jpg 768w, https:\/\/sitz.ch\/wp-content\/uploads\/loeffler-plus-ergo-top-technologie\u200b-ergopoint-1536x1024.jpg 1536w, https:\/\/sitz.ch\/wp-content\/uploads\/loeffler-plus-ergo-top-technologie\u200b-ergopoint-64x43.jpg 64w, https:\/\/sitz.ch\/wp-content\/uploads\/loeffler-plus-ergo-top-technologie\u200b-ergopoint.jpg 2000w\" sizes=\"(max-width: 600px) 100vw, 600px\" title=\"\">\t\t\t\t\t\t\t\t\t\t\t\t\t\t\t<\/div>\n\t\t\t\t<\/div>\n\t\t\t\t<div class=\"elementor-element elementor-element-856654b elementor-widget elementor-widget-image\" data-id=\"856654b\" data-element_type=\"widget\" data-e-type=\"widget\" data-widget_type=\"image.default\">\n\t\t\t\t<div class=\"elementor-widget-container\">\n\t\t\t\t\t\t\t\t\t\t\t\t\t\t\t<img decoding=\"async\" width=\"600\" height=\"243\" src=\"https:\/\/sitz.ch\/wp-content\/uploads\/loeffler-plus-ergo-top-technologie\u200b-bandscheiben-ergopoint-600x243.jpg\" class=\"attachment-medium size-medium wp-image-144014\" alt=\"\" srcset=\"https:\/\/sitz.ch\/wp-content\/uploads\/loeffler-plus-ergo-top-technologie\u200b-bandscheiben-ergopoint-600x243.jpg 600w, https:\/\/sitz.ch\/wp-content\/uploads\/loeffler-plus-ergo-top-technologie\u200b-bandscheiben-ergopoint-1024x415.jpg 1024w, https:\/\/sitz.ch\/wp-content\/uploads\/loeffler-plus-ergo-top-technologie\u200b-bandscheiben-ergopoint-768x311.jpg 768w, https:\/\/sitz.ch\/wp-content\/uploads\/loeffler-plus-ergo-top-technologie\u200b-bandscheiben-ergopoint-1536x622.jpg 1536w, https:\/\/sitz.ch\/wp-content\/uploads\/loeffler-plus-ergo-top-technologie\u200b-bandscheiben-ergopoint-64x26.jpg 64w, https:\/\/sitz.ch\/wp-content\/uploads\/loeffler-plus-ergo-top-technologie\u200b-bandscheiben-ergopoint.jpg 1672w\" sizes=\"(max-width: 600px) 100vw, 600px\" title=\"\">\t\t\t\t\t\t\t\t\t\t\t\t\t\t\t<\/div>\n\t\t\t\t<\/div>\n\t\t\t\t<\/div>\n\t\t\t\t\t<\/div>\n\t\t\t\t<\/section>\n\t\t<section class=\"elementor-element elementor-element-e494586 ergo-f-list e-flex e-con-boxed e-con e-parent\" data-id=\"e494586\" data-element_type=\"container\" data-e-type=\"container\">\n\t\t\t\t\t<div class=\"e-con-inner\">\n\t\t<div class=\"elementor-element elementor-element-89de6ac e-con-full e-flex e-con e-child\" data-id=\"89de6ac\" data-element_type=\"container\" data-e-type=\"container\">\n\t\t\t\t<div class=\"elementor-element elementor-element-bb59efa elementor-widget elementor-widget-heading\" data-id=\"bb59efa\" data-element_type=\"widget\" data-e-type=\"widget\" data-widget_type=\"heading.default\">\n\t\t\t\t<div class=\"elementor-widget-container\">\n\t\t\t\t\t<h3 class=\"elementor-heading-title elementor-size-default\">Accoudoirs multifonctions avec coussinet doux<\/h3>\t\t\t\t<\/div>\n\t\t\t\t<\/div>\n\t\t\t\t<div class=\"elementor-element elementor-element-7d2e029 elementor-widget elementor-widget-text-editor\" data-id=\"7d2e029\" data-element_type=\"widget\" data-e-type=\"widget\" data-widget_type=\"text-editor.default\">\n\t\t\t\t<div class=\"elementor-widget-container\">\n\t\t\t\t\t\t\t\t\t<p>Les accoudoirs sont un \u00e9l\u00e9ment essentiel d&rsquo;une chaise de bureau ergonomique. Toutes les chaises pivotantes de notre boutique en ligne sont donc \u00e9quip\u00e9es d&rsquo;accoudoirs multifonctions (Type 2, sans repose-bras). Ceux-ci offrent non seulement des r\u00e9glages en hauteur et en largeur, mais aussi des possibilit\u00e9s d&rsquo;ajustement suppl\u00e9mentaires : le coussinet d&rsquo;accoudoir peut \u00eatre d\u00e9plac\u00e9 vers l&rsquo;avant et l&rsquo;arri\u00e8re par \u00e9tapes de 20 mm et pivot\u00e9 de 15\u00b0 vers la gauche ou la droite. Cela permet de r\u00e9gler les accoudoirs de mani\u00e8re optimale selon les besoins individuels, garantissant un confort et un soutien maximaux.<\/p>\n<p>Si n\u00e9cessaire, la chaise peut aussi \u00eatre configur\u00e9e sans accoudoirs, ce qui est particuli\u00e8rement avantageux dans les espaces restreints ou lorsque des exigences professionnelles sp\u00e9cifiques le demandent.<\/p>\n\t\t\t\t\t\t\t\t<\/div>\n\t\t\t\t<\/div>\n\t\t\t\t<\/div>\n\t\t<div class=\"elementor-element elementor-element-93da7ea e-con-full e-flex e-con e-child\" data-id=\"93da7ea\" data-element_type=\"container\" data-e-type=\"container\">\n\t\t\t\t<div class=\"elementor-element elementor-element-fbfdf02 elementor-widget elementor-widget-image\" data-id=\"fbfdf02\" data-element_type=\"widget\" data-e-type=\"widget\" data-widget_type=\"image.default\">\n\t\t\t\t<div class=\"elementor-widget-container\">\n\t\t\t\t\t\t\t\t\t\t\t\t\t\t\t<img decoding=\"async\" width=\"399\" height=\"600\" src=\"https:\/\/sitz.ch\/wp-content\/uploads\/loeffler-plus-multifunktions-armlehnen-softpad-ergopoint-399x600.jpg\" class=\"attachment-medium size-medium wp-image-144023\" alt=\"\" srcset=\"https:\/\/sitz.ch\/wp-content\/uploads\/loeffler-plus-multifunktions-armlehnen-softpad-ergopoint-399x600.jpg 399w, https:\/\/sitz.ch\/wp-content\/uploads\/loeffler-plus-multifunktions-armlehnen-softpad-ergopoint-681x1024.jpg 681w, https:\/\/sitz.ch\/wp-content\/uploads\/loeffler-plus-multifunktions-armlehnen-softpad-ergopoint-768x1154.jpg 768w, https:\/\/sitz.ch\/wp-content\/uploads\/loeffler-plus-multifunktions-armlehnen-softpad-ergopoint-1022x1536.jpg 1022w, https:\/\/sitz.ch\/wp-content\/uploads\/loeffler-plus-multifunktions-armlehnen-softpad-ergopoint-600x902.jpg 600w, https:\/\/sitz.ch\/wp-content\/uploads\/loeffler-plus-multifunktions-armlehnen-softpad-ergopoint-64x96.jpg 64w, https:\/\/sitz.ch\/wp-content\/uploads\/loeffler-plus-multifunktions-armlehnen-softpad-ergopoint.jpg 1331w\" sizes=\"(max-width: 399px) 100vw, 399px\" title=\"\">\t\t\t\t\t\t\t\t\t\t\t\t\t\t\t<\/div>\n\t\t\t\t<\/div>\n\t\t\t\t<\/div>\n\t\t\t\t\t<\/div>\n\t\t\t\t<\/section>\n\t\t<section class=\"elementor-element elementor-element-ef6360e ergo-f-list e-flex e-con-boxed e-con e-parent\" data-id=\"ef6360e\" data-element_type=\"container\" data-e-type=\"container\">\n\t\t\t\t\t<div class=\"e-con-inner\">\n\t\t<div class=\"elementor-element elementor-element-5da1578 e-con-full e-flex e-con e-child\" data-id=\"5da1578\" data-element_type=\"container\" data-e-type=\"container\">\n\t\t\t\t<div class=\"elementor-element elementor-element-5cf20dd elementor-widget elementor-widget-heading\" data-id=\"5cf20dd\" data-element_type=\"widget\" data-e-type=\"widget\" data-widget_type=\"heading.default\">\n\t\t\t\t<div class=\"elementor-widget-container\">\n\t\t\t\t\t<h3 class=\"elementor-heading-title elementor-size-default\">Fonctions de r\u00e9glage du dossier<\/h3>\t\t\t\t<\/div>\n\t\t\t\t<\/div>\n\t\t\t\t<div class=\"elementor-element elementor-element-d2a957a elementor-widget elementor-widget-text-editor\" data-id=\"d2a957a\" data-element_type=\"widget\" data-e-type=\"widget\" data-widget_type=\"text-editor.default\">\n\t\t\t\t<div class=\"elementor-widget-container\">\n\t\t\t\t\t\t\t\t\t<p>Fonctions personnalisables pour un confort d&rsquo;assise optimal\u202f:<\/p>\n<p><strong>Pression d&rsquo;appui 45-120 kg : <\/strong>La m\u00e9canique synchrone ajuste la force de rappel individuellement selon le poids de ton corps, permettant ainsi une assise dynamique sans grand effort. Elle garantit en m\u00eame temps un effet de soutien optimal.<\/p>\n<p><strong>Blocage du dossier : <\/strong>Le dossier est inclinable entre 80\u00b0 et 125\u00b0 et peut \u00eatre bloqu\u00e9 en cinq positions. Cela permet diff\u00e9rentes postures d&rsquo;assise et soulage efficacement la colonne vert\u00e9brale.<\/p>\n<p><strong>Soutien lombaire suppl\u00e9mentaire : <\/strong>Pour la plupart des mod\u00e8les, un soutien lombaire est disponible, qui soutient le bas du dos et favorise une posture ergonomique. Cette fonction compl\u00e8te parfaitement le soutien du dossier.<\/p>\n\t\t\t\t\t\t\t\t<\/div>\n\t\t\t\t<\/div>\n\t\t\t\t<\/div>\n\t\t<div class=\"elementor-element elementor-element-53f5c1b e-con-full e-flex e-con e-child\" data-id=\"53f5c1b\" data-element_type=\"container\" data-e-type=\"container\">\n\t\t\t\t<div class=\"elementor-element elementor-element-c536d68 elementor-widget elementor-widget-image\" data-id=\"c536d68\" data-element_type=\"widget\" data-e-type=\"widget\" data-widget_type=\"image.default\">\n\t\t\t\t<div class=\"elementor-widget-container\">\n\t\t\t\t\t\t\t\t\t\t\t\t\t\t\t<img decoding=\"async\" width=\"600\" height=\"400\" src=\"https:\/\/sitz.ch\/wp-content\/uploads\/loeffler-plus-rueckenlehnenfunktionen\u200b-ergopoint-600x400.jpg\" class=\"attachment-medium size-medium wp-image-144020\" alt=\"\" srcset=\"https:\/\/sitz.ch\/wp-content\/uploads\/loeffler-plus-rueckenlehnenfunktionen\u200b-ergopoint-600x400.jpg 600w, https:\/\/sitz.ch\/wp-content\/uploads\/loeffler-plus-rueckenlehnenfunktionen\u200b-ergopoint-1024x682.jpg 1024w, https:\/\/sitz.ch\/wp-content\/uploads\/loeffler-plus-rueckenlehnenfunktionen\u200b-ergopoint-768x512.jpg 768w, https:\/\/sitz.ch\/wp-content\/uploads\/loeffler-plus-rueckenlehnenfunktionen\u200b-ergopoint-1536x1024.jpg 1536w, https:\/\/sitz.ch\/wp-content\/uploads\/loeffler-plus-rueckenlehnenfunktionen\u200b-ergopoint-64x43.jpg 64w, https:\/\/sitz.ch\/wp-content\/uploads\/loeffler-plus-rueckenlehnenfunktionen\u200b-ergopoint.jpg 2000w\" sizes=\"(max-width: 600px) 100vw, 600px\" title=\"\">\t\t\t\t\t\t\t\t\t\t\t\t\t\t\t<\/div>\n\t\t\t\t<\/div>\n\t\t\t\t<\/div>\n\t\t\t\t\t<\/div>\n\t\t\t\t<\/section>\n\t\t<section class=\"elementor-element elementor-element-f7c4bdd ergo-f-list e-flex e-con-boxed e-con e-parent\" data-id=\"f7c4bdd\" data-element_type=\"container\" data-e-type=\"container\">\n\t\t\t\t\t<div class=\"e-con-inner\">\n\t\t<div class=\"elementor-element elementor-element-700984b e-con-full e-flex e-con e-child\" data-id=\"700984b\" data-element_type=\"container\" data-e-type=\"container\">\n\t\t\t\t<div class=\"elementor-element elementor-element-3f9f657 elementor-widget elementor-widget-heading\" data-id=\"3f9f657\" data-element_type=\"widget\" data-e-type=\"widget\" data-widget_type=\"heading.default\">\n\t\t\t\t<div class=\"elementor-widget-container\">\n\t\t\t\t\t<h3 class=\"elementor-heading-title elementor-size-default\">R\u00e9glage en continu de la hauteur du si\u00e8ge<\/h3>\t\t\t\t<\/div>\n\t\t\t\t<\/div>\n\t\t\t\t<div class=\"elementor-element elementor-element-8e0adb8 elementor-widget elementor-widget-text-editor\" data-id=\"8e0adb8\" data-element_type=\"widget\" data-e-type=\"widget\" data-widget_type=\"text-editor.default\">\n\t\t\t\t<div class=\"elementor-widget-container\">\n\t\t\t\t\t\t\t\t\t<p>Toutes les chaises de bureau sont \u00e9quip\u00e9es d&rsquo;un v\u00e9rin \u00e0 gaz de haute qualit\u00e9, permettant un r\u00e9glage pr\u00e9cis de la hauteur jusqu&rsquo;\u00e0 11 cm. Cela permet d&rsquo;ajuster la hauteur du si\u00e8ge de mani\u00e8re flexible pour garantir une posture ergonomique et un confort maximal. Cette fonctionnalit\u00e9 est id\u00e9ale pour les personnes mesurant entre 150 cm et 190 cm, offrant un ajustement confortable pour diff\u00e9rents environnements de travail et besoins.<\/p>\n<p>Options avanc\u00e9es pour des exigences sp\u00e9cifiques<br \/>Pour les personnes en dehors de la gamme de tailles standard, des v\u00e9rins \u00e0 gaz sp\u00e9ciaux sont disponibles, permettant d&rsquo;atteindre une hauteur de si\u00e8ge encore plus grande ou plus basse. Cela garantit que m\u00eame les utilisateurs particuli\u00e8rement petits ou grands peuvent s&rsquo;asseoir de mani\u00e8re ergonomique correcte. Combin\u00e9e \u00e0 d&rsquo;autres fonctionnalit\u00e9s d&rsquo;ajustement, comme la m\u00e9canique synchrone ou les accoudoirs r\u00e9glables, l&rsquo;ajustement de la hauteur du si\u00e8ge assure une int\u00e9gration parfaite dans tout environnement de travail et un soutien optimal pour une assise prolong\u00e9e.<\/p>\n\t\t\t\t\t\t\t\t<\/div>\n\t\t\t\t<\/div>\n\t\t\t\t<\/div>\n\t\t<div class=\"elementor-element elementor-element-6c2b79b e-con-full e-flex e-con e-child\" data-id=\"6c2b79b\" data-element_type=\"container\" data-e-type=\"container\">\n\t\t\t\t<div class=\"elementor-element elementor-element-813bf2c elementor-widget elementor-widget-image\" data-id=\"813bf2c\" data-element_type=\"widget\" data-e-type=\"widget\" data-widget_type=\"image.default\">\n\t\t\t\t<div class=\"elementor-widget-container\">\n\t\t\t\t\t\t\t\t\t\t\t\t\t\t\t<img decoding=\"async\" width=\"600\" height=\"600\" src=\"https:\/\/sitz.ch\/wp-content\/uploads\/loeffler-plus-stufenlose-sitzhoehenverstellung\u200b-ergopoint-600x600.jpg\" class=\"attachment-medium size-medium wp-image-144026\" alt=\"\" srcset=\"https:\/\/sitz.ch\/wp-content\/uploads\/loeffler-plus-stufenlose-sitzhoehenverstellung\u200b-ergopoint-600x600.jpg 600w, https:\/\/sitz.ch\/wp-content\/uploads\/loeffler-plus-stufenlose-sitzhoehenverstellung\u200b-ergopoint-300x300.jpg 300w, https:\/\/sitz.ch\/wp-content\/uploads\/loeffler-plus-stufenlose-sitzhoehenverstellung\u200b-ergopoint-768x768.jpg 768w, https:\/\/sitz.ch\/wp-content\/uploads\/loeffler-plus-stufenlose-sitzhoehenverstellung\u200b-ergopoint-100x100.jpg 100w, https:\/\/sitz.ch\/wp-content\/uploads\/loeffler-plus-stufenlose-sitzhoehenverstellung\u200b-ergopoint-135x135.jpg 135w, https:\/\/sitz.ch\/wp-content\/uploads\/loeffler-plus-stufenlose-sitzhoehenverstellung\u200b-ergopoint-64x64.jpg 64w, https:\/\/sitz.ch\/wp-content\/uploads\/loeffler-plus-stufenlose-sitzhoehenverstellung\u200b-ergopoint.jpg 819w\" sizes=\"(max-width: 600px) 100vw, 600px\" title=\"\">\t\t\t\t\t\t\t\t\t\t\t\t\t\t\t<\/div>\n\t\t\t\t<\/div>\n\t\t\t\t<\/div>\n\t\t\t\t\t<\/div>\n\t\t\t\t<\/section>\n\t\t<section class=\"elementor-element elementor-element-f107843 e-flex e-con-boxed e-con e-parent\" data-id=\"f107843\" data-element_type=\"container\" data-e-type=\"container\" data-settings=\"{&quot;background_background&quot;:&quot;classic&quot;}\">\n\t\t\t\t\t<div class=\"e-con-inner\">\n\t\t\t\t\t<\/div>\n\t\t\t\t<\/section>\n\t\t<section class=\"elementor-element elementor-element-f49b39b ergo-f-list e-flex e-con-boxed e-con e-parent\" data-id=\"f49b39b\" data-element_type=\"container\" data-e-type=\"container\">\n\t\t\t\t\t<div class=\"e-con-inner\">\n\t\t<div class=\"elementor-element elementor-element-6124d67 e-con-full e-flex e-con e-child\" data-id=\"6124d67\" data-element_type=\"container\" data-e-type=\"container\">\n\t\t\t\t<div class=\"elementor-element elementor-element-be82205 elementor-widget elementor-widget-heading\" data-id=\"be82205\" data-element_type=\"widget\" data-e-type=\"widget\" data-widget_type=\"heading.default\">\n\t\t\t\t<div class=\"elementor-widget-container\">\n\t\t\t\t\t<h3 class=\"elementor-heading-title elementor-size-default\">30 ans de garantie<\/h3>\t\t\t\t<\/div>\n\t\t\t\t<\/div>\n\t\t\t\t<div class=\"elementor-element elementor-element-3a9ea5c elementor-widget elementor-widget-text-editor\" data-id=\"3a9ea5c\" data-element_type=\"widget\" data-e-type=\"widget\" data-widget_type=\"text-editor.default\">\n\t\t\t\t<div class=\"elementor-widget-container\">\n\t\t\t\t\t\t\t\t\t<p>Pour tous les produits achet\u00e9s depuis le 1er janvier 2015, nous offrons une garantie de 30 ans sur la m\u00e9canique ainsi qu&rsquo;une garantie de 10 ans sur les tissus, sans frais suppl\u00e9mentaires. Cette garantie souligne notre confiance dans la qualit\u00e9 sup\u00e9rieure et la durabilit\u00e9 de nos produits.<\/p>\n<p>La garantie est valable uniquement sur pr\u00e9sentation de la facture originale. Les mat\u00e9riaux de rembourrage sont exclus de la garantie de 30 ans, car ils sont soumis \u00e0 un processus de vieillissement naturel et sont consid\u00e9r\u00e9s s\u00e9par\u00e9ment. Ce service complet est l&rsquo;expression de notre engagement en faveur de satisfaction durable et de qualit\u00e9 durable.<\/p>\n\t\t\t\t\t\t\t\t<\/div>\n\t\t\t\t<\/div>\n\t\t\t\t<\/div>\n\t\t<div class=\"elementor-element elementor-element-2cfecd5 e-con-full e-flex e-con e-child\" data-id=\"2cfecd5\" data-element_type=\"container\" data-e-type=\"container\">\n\t\t\t\t<div class=\"elementor-element elementor-element-69ca24f elementor-widget elementor-widget-image\" data-id=\"69ca24f\" data-element_type=\"widget\" data-e-type=\"widget\" data-widget_type=\"image.default\">\n\t\t\t\t<div class=\"elementor-widget-container\">\n\t\t\t\t\t\t\t\t\t\t\t\t\t\t\t<img decoding=\"async\" width=\"600\" height=\"399\" src=\"https:\/\/sitz.ch\/wp-content\/uploads\/loeffler-30-jahre-garantie-german-quality-ergopoint-600x399.jpg\" class=\"attachment-medium size-medium wp-image-144038\" alt=\"\" srcset=\"https:\/\/sitz.ch\/wp-content\/uploads\/loeffler-30-jahre-garantie-german-quality-ergopoint-600x399.jpg 600w, https:\/\/sitz.ch\/wp-content\/uploads\/loeffler-30-jahre-garantie-german-quality-ergopoint-1024x681.jpg 1024w, https:\/\/sitz.ch\/wp-content\/uploads\/loeffler-30-jahre-garantie-german-quality-ergopoint-768x511.jpg 768w, https:\/\/sitz.ch\/wp-content\/uploads\/loeffler-30-jahre-garantie-german-quality-ergopoint-1536x1022.jpg 1536w, https:\/\/sitz.ch\/wp-content\/uploads\/loeffler-30-jahre-garantie-german-quality-ergopoint-64x43.jpg 64w, https:\/\/sitz.ch\/wp-content\/uploads\/loeffler-30-jahre-garantie-german-quality-ergopoint.jpg 2000w\" sizes=\"(max-width: 600px) 100vw, 600px\" title=\"\">\t\t\t\t\t\t\t\t\t\t\t\t\t\t\t<\/div>\n\t\t\t\t<\/div>\n\t\t\t\t<\/div>\n\t\t\t\t\t<\/div>\n\t\t\t\t<\/section>\n\t\t<section class=\"elementor-element elementor-element-129fc5c ergo-f-list e-flex e-con-boxed e-con e-parent\" data-id=\"129fc5c\" data-element_type=\"container\" data-e-type=\"container\">\n\t\t\t\t\t<div class=\"e-con-inner\">\n\t\t<div class=\"elementor-element elementor-element-c5fc97b e-con-full e-flex e-con e-child\" data-id=\"c5fc97b\" data-element_type=\"container\" data-e-type=\"container\">\n\t\t\t\t<div class=\"elementor-element elementor-element-716b514 elementor-widget elementor-widget-heading\" data-id=\"716b514\" data-element_type=\"widget\" data-e-type=\"widget\" data-widget_type=\"heading.default\">\n\t\t\t\t<div class=\"elementor-widget-container\">\n\t\t\t\t\t<h3 class=\"elementor-heading-title elementor-size-default\">Tissus durables et robustes<\/h3>\t\t\t\t<\/div>\n\t\t\t\t<\/div>\n\t\t\t\t<div class=\"elementor-element elementor-element-3efab71 elementor-widget elementor-widget-n-accordion\" data-id=\"3efab71\" data-element_type=\"widget\" data-e-type=\"widget\" data-settings=\"{&quot;default_state&quot;:&quot;all_collapsed&quot;,&quot;n_accordion_animation_duration&quot;:{&quot;unit&quot;:&quot;ms&quot;,&quot;size&quot;:100,&quot;sizes&quot;:[]},&quot;max_items_expended&quot;:&quot;one&quot;}\" data-widget_type=\"nested-accordion.default\">\n\t\t\t\t<div class=\"elementor-widget-container\">\n\t\t\t\t\t\t\t<div class=\"e-n-accordion\" aria-label=\"Accordion. Open links with Enter or Space, close with Escape, and navigate with Arrow Keys\">\n\t\t\t\t\t\t<details id=\"e-n-accordion-item-6600\" class=\"e-n-accordion-item\" >\n\t\t\t\t<summary class=\"e-n-accordion-item-title\" data-accordion-index=\"1\" tabindex=\"0\" aria-expanded=\"false\" aria-controls=\"e-n-accordion-item-6600\" >\n\t\t\t\t\t<span class='e-n-accordion-item-title-header'><h4 class=\"e-n-accordion-item-title-text\"> Tissu Essentiel <\/h4><\/span>\n\t\t\t\t\t\t\t<span class='e-n-accordion-item-title-icon'>\n\t\t\t<span class='e-opened' ><i aria-hidden=\"true\" class=\"fas fa-chevron-up\"><\/i><\/span>\n\t\t\t<span class='e-closed'><i aria-hidden=\"true\" class=\"fas fa-chevron-down\"><\/i><\/span>\n\t\t<\/span>\n\n\t\t\t\t\t\t<\/summary>\n\t\t\t\t<div role=\"region\" aria-labelledby=\"e-n-accordion-item-6600\" class=\"elementor-element elementor-element-8190339 e-con-full e-flex e-con e-child\" data-id=\"8190339\" data-element_type=\"container\" data-e-type=\"container\">\n\t\t\t\t<div class=\"elementor-element elementor-element-6b0ec3a elementor-widget elementor-widget-text-editor\" data-id=\"6b0ec3a\" data-element_type=\"widget\" data-e-type=\"widget\" data-widget_type=\"text-editor.default\">\n\t\t\t\t<div class=\"elementor-widget-container\">\n\t\t\t\t\t\t\t\t\t<p>Un tissu polyest\u00e8re subtil et bicolore, extensible dans les deux sens pour simplifier le rembourrage.<br \/>Le tissage en chevron offre une texture moderne et simple, tandis que sa coloration fascine \u00e0 l&rsquo;examen de pr\u00e8s.<br \/>Robuste et facile \u00e0 entretenir, il est id\u00e9al pour une utilisation quotidienne \u00e0 la maison ou au bureau.<\/p>\n<ul>\n<li>Composition : 100% polyester<\/li>\n<li>Poids : 320 g\/m\u00b2 \u00b15%<\/li>\n<li>Largeur : 140 cm<\/li>\n<li>R\u00e9sistance \u00e0 l&rsquo;abrasion : (Martindale)<br \/>UNI EN ISO 12947-2<br \/>\u2265100,000 tours<br \/>Garantie 10 ans<\/li>\n<li>Pilling : UNI EN ISO 12945-2<br \/>4-5<\/li>\n<li>R\u00e9sistance \u00e0 la lumi\u00e8re : (Xenotest) UNI EN ISO 105 B02<br \/>5<\/li>\n<li>Solidit\u00e9 des couleurs au frottement : UNI EN ISO 105 X12<br \/>sec : 4<br \/>humide : 4<\/li>\n<li>\u00c9carts de couleur : Des diff\u00e9rences de couleur l\u00e9g\u00e8res sont<br \/>consid\u00e9r\u00e9es comme normales entre deux lots.<\/li>\n<li>Nettoyage &amp; lavage : Aspirer r\u00e9guli\u00e8rement. Nettoyer avec un<br \/>chiffon humide ou traiter avec un shampooing adapt\u00e9 aux<br \/>rembourrages. Pour un nettoyage en profondeur, utiliser de la<br \/>vapeur, des produits de blanchiment chlor\u00e9s, de l&rsquo;alcool ou un<br \/>nettoyage professionnel \u00e0 sec. Lavable \u00e0 60\u00b0C.<\/li>\n<li>S\u00e9curit\u00e9 incendie :<br \/>EN 1021 &#8211; 1&amp;2 (Test de cigarette &amp; test d&rsquo;allumette)<br \/>BS 7176 Risque faible<br \/>EN 13501-1 Adh\u00e9r\u00e9 Classe B, s1, d0<br \/>EN 13501-1 Non-adh\u00e9r\u00e9 Classe C, s1, d0<br \/>Veuillez indiquer lors de la commande :<br \/>BS 5852 Source d&rsquo;allumage 5 avec EnviroFlam5<br \/>BS 7176 Risque moyen avec EnviroFlam5<br \/>The Furniture and Furnishing (Fire Safety) Regulations 1988 (UK<br \/>Test de cigarette et d&rsquo;allumette pour meubles) avec EnviroFlam5<br \/>DIN 4102 B1 \u00e9quip\u00e9 de FR (Gorts)<br \/>BS 5867-2 : Type B Rideaux &amp; tentures \u00e9quip\u00e9 de FR (Gorts)<br \/>EN 13773 Classe 1 \u00e9quip\u00e9 de FR (Gorts)<\/li>\n<\/ul>\n\t\t\t\t\t\t\t\t<\/div>\n\t\t\t\t<\/div>\n\t\t\t\t<\/div>\n\t\t\t\t\t<\/details>\n\t\t\t\t\t\t<details id=\"e-n-accordion-item-6601\" class=\"e-n-accordion-item\" >\n\t\t\t\t<summary class=\"e-n-accordion-item-title\" data-accordion-index=\"2\" tabindex=\"-1\" aria-expanded=\"false\" aria-controls=\"e-n-accordion-item-6601\" >\n\t\t\t\t\t<span class='e-n-accordion-item-title-header'><h4 class=\"e-n-accordion-item-title-text\"> Cuir v\u00e9ritable <\/h4><\/span>\n\t\t\t\t\t\t\t<span class='e-n-accordion-item-title-icon'>\n\t\t\t<span class='e-opened' ><i aria-hidden=\"true\" class=\"fas fa-chevron-up\"><\/i><\/span>\n\t\t\t<span class='e-closed'><i aria-hidden=\"true\" class=\"fas fa-chevron-down\"><\/i><\/span>\n\t\t<\/span>\n\n\t\t\t\t\t\t<\/summary>\n\t\t\t\t<div role=\"region\" aria-labelledby=\"e-n-accordion-item-6601\" class=\"elementor-element elementor-element-12aa6ff e-con-full e-flex e-con e-child\" data-id=\"12aa6ff\" data-element_type=\"container\" data-e-type=\"container\">\n\t\t\t\t<div class=\"elementor-element elementor-element-1bf90cc elementor-widget elementor-widget-text-editor\" data-id=\"1bf90cc\" data-element_type=\"widget\" data-e-type=\"widget\" data-widget_type=\"text-editor.default\">\n\t\t\t\t<div class=\"elementor-widget-container\">\n\t\t\t\t\t\t\t\t\t<p>Ce cuir nappa teint\u00e9 dans la masse, corrig\u00e9 avec un grain fin offre des propri\u00e9t\u00e9s d&rsquo;utilisation exceptionnelles.<br \/>Id\u00e9al pour les zones \u00e0 forte fr\u00e9quentation, il r\u00e9pond aux exigences les plus \u00e9lev\u00e9es en mati\u00e8re de r\u00e9sistance \u00e0 l&rsquo;abrasion et \u00e0 la lumi\u00e8re.<\/p>\n<ul>\n<li>Composition : 100% cuir v\u00e9ritable teint\u00e9 dans la masse, corrig\u00e9 avec un grain fin, cuir nappa avec des propri\u00e9t\u00e9s d&rsquo;utilisation des plus \u00e9lev\u00e9es<\/li>\n<li>\u00c9paisseur : 1,0\/1,2 mm<\/li>\n<li>Surface : env. 5,5 m\u00b2 en peaux enti\u00e8res<\/li>\n<li>R\u00e9sistance au pliage sec : DIN EN ISO 5402 (50 000 pliages)<\/li>\n<li>Tannage : tannage min\u00e9ral \u00e9cologique<\/li>\n<li>Solidit\u00e9 \u00e0 la lumi\u00e8re : (X\u00e9notest) UNI EN ISO 105 B02 (niveau WBS) \u2265 5<\/li>\n<li>Solidit\u00e9 au frottement : DIN EN ISO 11640 (\u00e9chelle de gris niveau 1-5) 500 tours \u00e0 sec : \u2265 4 250 tours \u00e0 l&rsquo;humidit\u00e9 : \u2265 3-4 80 tours sueur pH 8 : \u2265 3-4<\/li>\n<li>Variations de couleur : Le cuir est un produit naturel, ce qui peut entra\u00eener de l\u00e9g\u00e8res variations entre chaque peau.<\/li>\n<li>Nettoyage &amp; Lavage : Pour le nettoyage quotidien, un chiffon \u00e0 poussi\u00e8re suffit. En cas de taches, utilisez un nettoyant pour cuir doux et tamponnez d\u00e9licatement les taches fra\u00eeches. Pour l&rsquo;entretien, nous recommandons un scellant pour cuir, \u00e0 appliquer tous les deux mois dans les zones fortement sollicit\u00e9es.<\/li>\n<li>S\u00e9curit\u00e9 incendie : DIN EN 1021 Partie 1+2DIN EN 1021 Partie 1+2 Non inflammable selon DIN 75200 NF D 60-013:2005 IMO-R\u00e9solution MSC.307(88)<\/li>\n<\/ul>\n\t\t\t\t\t\t\t\t<\/div>\n\t\t\t\t<\/div>\n\t\t\t\t<\/div>\n\t\t\t\t\t<\/details>\n\t\t\t\t\t<\/div>\n\t\t\t\t\t\t<\/div>\n\t\t\t\t<\/div>\n\t\t\t\t<div class=\"elementor-element elementor-element-16d6963 elementor-widget elementor-widget-text-editor\" data-id=\"16d6963\" data-element_type=\"widget\" data-e-type=\"widget\" data-widget_type=\"text-editor.default\">\n\t\t\t\t<div class=\"elementor-widget-container\">\n\t\t\t\t\t\t\t\t\t<p>Affichage des couleurs : En raison de diff\u00e9rents r\u00e9glages d&rsquo;\u00e9cran, les couleurs affich\u00e9es peuvent diff\u00e9rer des couleurs r\u00e9elles du cuir. Nous te recommandons de commander notre Explore Box avec des \u00e9chantillons de cuir via la boutique en ligne avant d&rsquo;acheter.<\/p>\n\t\t\t\t\t\t\t\t<\/div>\n\t\t\t\t<\/div>\n\t\t\t\t<div class=\"elementor-element elementor-element-9465b93 elementor-widget elementor-widget-button\" data-id=\"9465b93\" data-element_type=\"widget\" data-e-type=\"widget\" data-widget_type=\"button.default\">\n\t\t\t\t<div class=\"elementor-widget-container\">\n\t\t\t\t\t\t\t\t\t<div class=\"elementor-button-wrapper\">\n\t\t\t\t\t<a class=\"elementor-button elementor-button-link elementor-size-sm\" href=\"https:\/\/sitz.ch\/wp-content\/uploads\/loeffler-farbkollektion-stoff-spezifikationen-2024-ergopoint.pdf\">\n\t\t\t\t\t\t<span class=\"elementor-button-content-wrapper\">\n\t\t\t\t\t\t\t\t\t<span class=\"elementor-button-text\">T\u00e9l\u00e9charger la collection de couleurs<\/span>\n\t\t\t\t\t<\/span>\n\t\t\t\t\t<\/a>\n\t\t\t\t<\/div>\n\t\t\t\t\t\t\t\t<\/div>\n\t\t\t\t<\/div>\n\t\t\t\t<\/div>\n\t\t<div class=\"elementor-element elementor-element-70d8d1e e-con-full e-flex e-con e-child\" data-id=\"70d8d1e\" data-element_type=\"container\" data-e-type=\"container\">\n\t\t\t\t<div class=\"elementor-element elementor-element-48d9ff5 elementor-widget elementor-widget-image\" data-id=\"48d9ff5\" data-element_type=\"widget\" data-e-type=\"widget\" data-widget_type=\"image.default\">\n\t\t\t\t<div class=\"elementor-widget-container\">\n\t\t\t\t\t\t\t\t\t\t\t\t\t\t\t<img decoding=\"async\" width=\"600\" height=\"600\" src=\"https:\/\/sitz.ch\/wp-content\/uploads\/loeffler-stoff-leder-material-ergopoint-600x600.jpg\" class=\"attachment-medium size-medium wp-image-144044\" alt=\"\" srcset=\"https:\/\/sitz.ch\/wp-content\/uploads\/loeffler-stoff-leder-material-ergopoint-600x600.jpg 600w, https:\/\/sitz.ch\/wp-content\/uploads\/loeffler-stoff-leder-material-ergopoint-1024x1024.jpg 1024w, https:\/\/sitz.ch\/wp-content\/uploads\/loeffler-stoff-leder-material-ergopoint-300x300.jpg 300w, https:\/\/sitz.ch\/wp-content\/uploads\/loeffler-stoff-leder-material-ergopoint-768x768.jpg 768w, https:\/\/sitz.ch\/wp-content\/uploads\/loeffler-stoff-leder-material-ergopoint-100x100.jpg 100w, https:\/\/sitz.ch\/wp-content\/uploads\/loeffler-stoff-leder-material-ergopoint-135x135.jpg 135w, https:\/\/sitz.ch\/wp-content\/uploads\/loeffler-stoff-leder-material-ergopoint-64x64.jpg 64w, https:\/\/sitz.ch\/wp-content\/uploads\/loeffler-stoff-leder-material-ergopoint.jpg 1134w\" sizes=\"(max-width: 600px) 100vw, 600px\" title=\"\">\t\t\t\t\t\t\t\t\t\t\t\t\t\t\t<\/div>\n\t\t\t\t<\/div>\n\t\t\t\t<\/div>\n\t\t\t\t\t<\/div>\n\t\t\t\t<\/section>\n\t\t<section class=\"elementor-element elementor-element-4bf9e6c ergo-f-list e-flex e-con-boxed e-con e-parent\" data-id=\"4bf9e6c\" data-element_type=\"container\" data-e-type=\"container\">\n\t\t\t\t\t<div class=\"e-con-inner\">\n\t\t<div class=\"elementor-element elementor-element-d0c93c4 e-con-full e-flex e-con e-child\" data-id=\"d0c93c4\" data-element_type=\"container\" data-e-type=\"container\">\n\t\t\t\t<div class=\"elementor-element elementor-element-0dfc1f2 elementor-widget elementor-widget-heading\" data-id=\"0dfc1f2\" data-element_type=\"widget\" data-e-type=\"widget\" data-widget_type=\"heading.default\">\n\t\t\t\t<div class=\"elementor-widget-container\">\n\t\t\t\t\t<h3 class=\"elementor-heading-title elementor-size-default\">Certification IGR<\/h3>\t\t\t\t<\/div>\n\t\t\t\t<\/div>\n\t\t\t\t<div class=\"elementor-element elementor-element-69c1c76 elementor-widget elementor-widget-text-editor\" data-id=\"69c1c76\" data-element_type=\"widget\" data-e-type=\"widget\" data-widget_type=\"text-editor.default\">\n\t\t\t\t<div class=\"elementor-widget-container\">\n\t\t\t\t\t\t\t\t\t<p>La technologie innovante ERGO TOP a \u00e9t\u00e9 r\u00e9compens\u00e9e par le renomm\u00e9 Institut pour la Sant\u00e9 et l&rsquo;Ergonomie (IGR). Ce r\u00e9seau d&rsquo;experts ind\u00e9pendants compos\u00e9 de m\u00e9decins, physioth\u00e9rapeutes, scientifiques et d\u00e9veloppeurs de produits s&rsquo;engage activement \u00e0 promouvoir la sant\u00e9 et le bien-\u00eatre au quotidien.<\/p>\n<p>L&rsquo;IGR a certifi\u00e9 les produits de L\u00f6ffler avec le label \u00ab Produit Ergonomique \u00bb. Cette distinction est attribu\u00e9e uniquement aux produits qui ont r\u00e9ussi des proc\u00e9dures de test compl\u00e8tes et rigoureuses. Ce qui a \u00e9t\u00e9 particuli\u00e8rement examin\u00e9, c&rsquo;est \u00e0 quel point les chaises et les tabourets s&rsquo;adaptent aux exigences corporelles individuelles des utilisateurs et favorisent le confort ergonomique de l&rsquo;assise.<\/p>\n\t\t\t\t\t\t\t\t<\/div>\n\t\t\t\t<\/div>\n\t\t\t\t<\/div>\n\t\t<div class=\"elementor-element elementor-element-678a000 e-con-full e-flex e-con e-child\" data-id=\"678a000\" data-element_type=\"container\" data-e-type=\"container\">\n\t\t\t\t<div class=\"elementor-element elementor-element-1b12342 elementor-widget elementor-widget-image\" data-id=\"1b12342\" data-element_type=\"widget\" data-e-type=\"widget\" data-widget_type=\"image.default\">\n\t\t\t\t<div class=\"elementor-widget-container\">\n\t\t\t\t\t\t\t\t\t\t\t\t\t\t\t<img decoding=\"async\" width=\"600\" height=\"400\" src=\"https:\/\/sitz.ch\/wp-content\/uploads\/loeffler-igr-zertifizierung-ergonomie\u200b-ergopoint-600x400.jpg\" class=\"attachment-medium size-medium wp-image-143984\" alt=\"\" srcset=\"https:\/\/sitz.ch\/wp-content\/uploads\/loeffler-igr-zertifizierung-ergonomie\u200b-ergopoint-600x400.jpg 600w, https:\/\/sitz.ch\/wp-content\/uploads\/loeffler-igr-zertifizierung-ergonomie\u200b-ergopoint-768x512.jpg 768w, https:\/\/sitz.ch\/wp-content\/uploads\/loeffler-igr-zertifizierung-ergonomie\u200b-ergopoint-64x43.jpg 64w, https:\/\/sitz.ch\/wp-content\/uploads\/loeffler-igr-zertifizierung-ergonomie\u200b-ergopoint.jpg 1024w\" sizes=\"(max-width: 600px) 100vw, 600px\" title=\"\">\t\t\t\t\t\t\t\t\t\t\t\t\t\t\t<\/div>\n\t\t\t\t<\/div>\n\t\t\t\t<\/div>\n\t\t\t\t\t<\/div>\n\t\t\t\t<\/section>\n\t\t<section class=\"elementor-element elementor-element-082d4b7 ergo-f-list e-flex e-con-boxed e-con e-parent\" data-id=\"082d4b7\" data-element_type=\"container\" data-e-type=\"container\">\n\t\t\t\t\t<div class=\"e-con-inner\">\n\t\t<div class=\"elementor-element elementor-element-647d085 e-con-full e-flex e-con e-child\" data-id=\"647d085\" data-element_type=\"container\" data-e-type=\"container\">\n\t\t\t\t<div class=\"elementor-element elementor-element-37cedcb elementor-widget elementor-widget-heading\" data-id=\"37cedcb\" data-element_type=\"widget\" data-e-type=\"widget\" data-widget_type=\"heading.default\">\n\t\t\t\t<div class=\"elementor-widget-container\">\n\t\t\t\t\t<h3 class=\"elementor-heading-title elementor-size-default\">Fait main en Allemagne<\/h3>\t\t\t\t<\/div>\n\t\t\t\t<\/div>\n\t\t\t\t<div class=\"elementor-element elementor-element-41d8b62 elementor-widget elementor-widget-text-editor\" data-id=\"41d8b62\" data-element_type=\"widget\" data-e-type=\"widget\" data-widget_type=\"text-editor.default\">\n\t\t\t\t<div class=\"elementor-widget-container\">\n\t\t\t\t\t\t\t\t\t<p>Dans l&rsquo;usine de Hersbruck, au c\u0153ur de l&rsquo;Allemagne, se fabriquent sur environ 2 200 m\u00e8tres carr\u00e9s des si\u00e8ges qui incarnent la plus haute qualit\u00e9 et durabilit\u00e9. Environ 40 experts exp\u00e9riment\u00e9s de l&rsquo;\u00e9quipe L\u00f6ffler tapissent, cousent et assemblent chaque meuble avec pr\u00e9cision et passion.<\/p>\n<p>Les mat\u00e9riaux utilis\u00e9s, comme les mousses, sont exempts de CFC et de HCFC, les plastiques sont sans polluants, et le bois provient de for\u00eats europ\u00e9ennes durables. Le cuir de haute qualit\u00e9 est uniquement acquis aupr\u00e8s des fermes allemandes, avec une attention particuli\u00e8re port\u00e9e aux trajets courts et \u00e0 des standards de qualit\u00e9 \u00e9lev\u00e9s.<\/p>\n<p>Cette exigence de durabilit\u00e9 se refl\u00e8te aussi dans la recyclabilit\u00e9 des meubles : jusqu&rsquo;\u00e0 97 % des mat\u00e9riaux utilis\u00e9s peuvent \u00eatre recycl\u00e9s.<\/p>\n<p>\u201e100 % Made in Germany\u201c signifie non seulement perfection artisanale, mais aussi un amour du d\u00e9tail qui rend chaque pi\u00e8ce unique.<\/p>\n\t\t\t\t\t\t\t\t<\/div>\n\t\t\t\t<\/div>\n\t\t\t\t<\/div>\n\t\t<div class=\"elementor-element elementor-element-9cf047d e-con-full e-flex e-con e-child\" data-id=\"9cf047d\" data-element_type=\"container\" data-e-type=\"container\">\n\t\t\t\t<div class=\"elementor-element elementor-element-eff6da6 elementor-widget elementor-widget-image\" data-id=\"eff6da6\" data-element_type=\"widget\" data-e-type=\"widget\" data-widget_type=\"image.default\">\n\t\t\t\t<div class=\"elementor-widget-container\">\n\t\t\t\t\t\t\t\t\t\t\t\t\t\t\t<img decoding=\"async\" width=\"400\" height=\"600\" src=\"https:\/\/sitz.ch\/wp-content\/uploads\/loeffler-brasilian-chair-handmade-in-germany-ergopoint-400x600.jpg\" class=\"attachment-medium size-medium wp-image-144065\" alt=\"\" srcset=\"https:\/\/sitz.ch\/wp-content\/uploads\/loeffler-brasilian-chair-handmade-in-germany-ergopoint-400x600.jpg 400w, https:\/\/sitz.ch\/wp-content\/uploads\/loeffler-brasilian-chair-handmade-in-germany-ergopoint-682x1024.jpg 682w, https:\/\/sitz.ch\/wp-content\/uploads\/loeffler-brasilian-chair-handmade-in-germany-ergopoint-768x1152.jpg 768w, https:\/\/sitz.ch\/wp-content\/uploads\/loeffler-brasilian-chair-handmade-in-germany-ergopoint-1024x1536.jpg 1024w, https:\/\/sitz.ch\/wp-content\/uploads\/loeffler-brasilian-chair-handmade-in-germany-ergopoint-600x900.jpg 600w, https:\/\/sitz.ch\/wp-content\/uploads\/loeffler-brasilian-chair-handmade-in-germany-ergopoint-64x96.jpg 64w, https:\/\/sitz.ch\/wp-content\/uploads\/loeffler-brasilian-chair-handmade-in-germany-ergopoint.jpg 1333w\" sizes=\"(max-width: 400px) 100vw, 400px\" title=\"\">\t\t\t\t\t\t\t\t\t\t\t\t\t\t\t<\/div>\n\t\t\t\t<\/div>\n\t\t\t\t<\/div>\n\t\t\t\t\t<\/div>\n\t\t\t\t<\/section>\n\t\t\t\t<\/div>\n\t\t","protected":false},"excerpt":{"rendered":"<p>Confort de bureau au niveau d\u2019un canap\u00e9 de luxe : la chaise Brasilian allie un design ergonomique \u00e0 la technologie innovante ERGO TOP pour une assise active et dynamique. Le noyau \u00e0 ressorts ensach\u00e9s, la mousse \u00e0 m\u00e9moire de forme et les rev\u00eatements respirants garantissent un bien-\u00eatre incomparable. Des fonctions ajustables telles que la hauteur d\u2019assise, les accoudoirs et le dossier favorisent une posture saine. Durable, fabriqu\u00e9e \u00e0 la main en Allemagne et garantie 30 ans \u2013 pour un confort d\u2019assise exceptionnel et une long\u00e9vit\u00e9 maximale.<\/p>\n","protected":false},"featured_media":143651,"comment_status":"open","ping_status":"closed","template":"","meta":{"_acf_changed":false},"pwb-brand":[162],"product_brand":[],"product_cat":[190,613,193],"product_tag":[],"class_list":{"0":"post-144399","1":"product","2":"type-product","3":"status-publish","4":"has-post-thumbnail","6":"pwb-brand-loeffler","7":"product_cat-chaises-de-bureau","8":"product_cat-30-ans-de-garantie","9":"product_cat-chaise-de-bureau-classique","10":"tm-has-options","12":"first","13":"outofstock","14":"sale","15":"featured","16":"taxable","17":"shipping-taxable","18":"purchasable","19":"product-type-variable","20":"has-default-attributes"},"acf":[],"brands":[{"id":162,"name":"L\u00f6ffler","slug":"loeffler"}],"_links":{"self":[{"href":"https:\/\/sitz.ch\/fr\/wp-json\/wp\/v2\/product\/144399","targetHints":{"allow":["GET"]}}],"collection":[{"href":"https:\/\/sitz.ch\/fr\/wp-json\/wp\/v2\/product"}],"about":[{"href":"https:\/\/sitz.ch\/fr\/wp-json\/wp\/v2\/types\/product"}],"replies":[{"embeddable":true,"href":"https:\/\/sitz.ch\/fr\/wp-json\/wp\/v2\/comments?post=144399"}],"version-history":[{"count":6,"href":"https:\/\/sitz.ch\/fr\/wp-json\/wp\/v2\/product\/144399\/revisions"}],"predecessor-version":[{"id":157070,"href":"https:\/\/sitz.ch\/fr\/wp-json\/wp\/v2\/product\/144399\/revisions\/157070"}],"wp:featuredmedia":[{"embeddable":true,"href":"https:\/\/sitz.ch\/fr\/wp-json\/wp\/v2\/media\/143651"}],"wp:attachment":[{"href":"https:\/\/sitz.ch\/fr\/wp-json\/wp\/v2\/media?parent=144399"}],"wp:term":[{"taxonomy":"pwb-brand","embeddable":true,"href":"https:\/\/sitz.ch\/fr\/wp-json\/wp\/v2\/pwb-brand?post=144399"},{"taxonomy":"product_brand","embeddable":true,"href":"https:\/\/sitz.ch\/fr\/wp-json\/wp\/v2\/product_brand?post=144399"},{"taxonomy":"product_cat","embeddable":true,"href":"https:\/\/sitz.ch\/fr\/wp-json\/wp\/v2\/product_cat?post=144399"},{"taxonomy":"product_tag","embeddable":true,"href":"https:\/\/sitz.ch\/fr\/wp-json\/wp\/v2\/product_tag?post=144399"}],"curies":[{"name":"wp","href":"https:\/\/api.w.org\/{rel}","templated":true}]}}