{"id":152634,"date":"2021-09-02T16:55:36","date_gmt":"2021-09-02T14:55:36","guid":{"rendered":"https:\/\/sitz.ch\/produkt\/varier-move-avec-roulettes\/"},"modified":"2025-02-27T19:42:08","modified_gmt":"2025-02-27T18:42:08","slug":"varier-move-avec-roulettes","status":"publish","type":"product","link":"https:\/\/sitz.ch\/fr\/produit\/varier-move-avec-roulettes\/","title":{"rendered":"Varier Move avec Roulettes"},"content":{"rendered":"\t\t<div data-elementor-type=\"product-post\" data-elementor-id=\"152634\" class=\"elementor elementor-152634 elementor-128285\" data-elementor-post-type=\"product\">\n\t\t\t\t<section class=\"elementor-element elementor-element-32db147 ergo-f-list e-flex e-con-boxed e-con e-parent\" data-id=\"32db147\" data-element_type=\"container\" data-e-type=\"container\">\n\t\t\t\t\t<div class=\"e-con-inner\">\n\t\t<div class=\"elementor-element elementor-element-c2d1086 e-con-full e-flex e-con e-child\" data-id=\"c2d1086\" data-element_type=\"container\" data-e-type=\"container\">\n\t\t\t\t<div class=\"elementor-element elementor-element-e789ac2 elementor-widget elementor-widget-heading\" data-id=\"e789ac2\" data-element_type=\"widget\" data-e-type=\"widget\" data-widget_type=\"heading.default\">\n\t\t\t\t<div class=\"elementor-widget-container\">\n\t\t\t\t\t<h3 class=\"elementor-heading-title elementor-size-default\">Incroyablement polyvalent<\/h3>\t\t\t\t<\/div>\n\t\t\t\t<\/div>\n\t\t\t\t<div class=\"elementor-element elementor-element-1120ba6 elementor-widget elementor-widget-text-editor\" data-id=\"1120ba6\" data-element_type=\"widget\" data-e-type=\"widget\" data-widget_type=\"text-editor.default\">\n\t\t\t\t<div class=\"elementor-widget-container\">\n\t\t\t\t\t\t\t\t\t<p>Le Varier Move avec roulettes est l&rsquo;ultime polyvalent qui s&rsquo;int\u00e8gre sans effort dans divers environnements \u2013 que ce soit comme tabouret de bar, aide pour se tenir debout ou chaise de bureau. En tant que chaise universelle dans la collection Varier, Move\u2122 permet des transitions fluides entre des positions assises et presque debout, ce qui le rend id\u00e9al pour une vari\u00e9t\u00e9 d&rsquo;applications.<\/p>\n<p>Move\u2122 est parfaitement adapt\u00e9 comme chaise de travail principale, promouvant des postures assises dynamiques, ou comme compl\u00e9ment id\u00e9al au fauteuil de bureau traditionnel. Il r\u00e9v\u00e8le tout son potentiel surtout aux bureaux r\u00e9glables en hauteur en soutenant une m\u00e9thode de travail flexible et ergonomique. Gr\u00e2ce au disque en caoutchouc int\u00e9gr\u00e9, le Move\u2122 peut \u00eatre utilis\u00e9 sur divers rev\u00eatements de sol, qu&rsquo;il s&rsquo;agisse de carreaux, de parquet ou de moquette.<\/p>\n\t\t\t\t\t\t\t\t<\/div>\n\t\t\t\t<\/div>\n\t\t\t\t<\/div>\n\t\t<div class=\"elementor-element elementor-element-629abb2 e-con-full e-flex e-con e-child\" data-id=\"629abb2\" data-element_type=\"container\" data-e-type=\"container\">\n\t\t\t\t<div class=\"elementor-element elementor-element-6079142 elementor-widget elementor-widget-image\" data-id=\"6079142\" data-element_type=\"widget\" data-e-type=\"widget\" data-widget_type=\"image.default\">\n\t\t\t\t<div class=\"elementor-widget-container\">\n\t\t\t\t\t\t\t\t\t\t\t\t\t\t\t<img decoding=\"async\" width=\"511\" height=\"600\" src=\"https:\/\/sitz.ch\/wp-content\/uploads\/varier-move-steh-hocker-ergopoint-511x600.png\" class=\"attachment-medium size-medium wp-image-143102\" alt=\"\" srcset=\"https:\/\/sitz.ch\/wp-content\/uploads\/varier-move-steh-hocker-ergopoint-511x600.png.webp 511w, https:\/\/sitz.ch\/wp-content\/uploads\/varier-move-steh-hocker-ergopoint-871x1024.png.webp 871w, https:\/\/sitz.ch\/wp-content\/uploads\/varier-move-steh-hocker-ergopoint-768x902.png.webp 768w, https:\/\/sitz.ch\/wp-content\/uploads\/varier-move-steh-hocker-ergopoint-1307x1536.png.webp 1307w, https:\/\/sitz.ch\/wp-content\/uploads\/varier-move-steh-hocker-ergopoint-600x705.png.webp 600w, https:\/\/sitz.ch\/wp-content\/uploads\/varier-move-steh-hocker-ergopoint-64x75.png.webp 64w, https:\/\/sitz.ch\/wp-content\/uploads\/varier-move-steh-hocker-ergopoint.png.webp 1440w\" sizes=\"(max-width: 511px) 100vw, 511px\" title=\"\">\t\t\t\t\t\t\t\t\t\t\t\t\t\t\t<\/div>\n\t\t\t\t<\/div>\n\t\t\t\t<\/div>\n\t\t\t\t\t<\/div>\n\t\t\t\t<\/section>\n\t\t<section class=\"elementor-element elementor-element-db3bc48 ergo-f-list e-flex e-con-boxed e-con e-parent\" data-id=\"db3bc48\" data-element_type=\"container\" data-e-type=\"container\">\n\t\t\t\t\t<div class=\"e-con-inner\">\n\t\t<div class=\"elementor-element elementor-element-bb9f893 e-con-full e-flex e-con e-child\" data-id=\"bb9f893\" data-element_type=\"container\" data-e-type=\"container\">\n\t\t\t\t<div class=\"elementor-element elementor-element-2b743e9 elementor-widget elementor-widget-heading\" data-id=\"2b743e9\" data-element_type=\"widget\" data-e-type=\"widget\" data-widget_type=\"heading.default\">\n\t\t\t\t<div class=\"elementor-widget-container\">\n\t\t\t\t\t<h3 class=\"elementor-heading-title elementor-size-default\">Tissus durables et robustes<\/h3>\t\t\t\t<\/div>\n\t\t\t\t<\/div>\n\t\t\t\t<div class=\"elementor-element elementor-element-f6e27ec elementor-widget elementor-widget-n-accordion\" data-id=\"f6e27ec\" data-element_type=\"widget\" data-e-type=\"widget\" data-settings=\"{&quot;default_state&quot;:&quot;all_collapsed&quot;,&quot;n_accordion_animation_duration&quot;:{&quot;unit&quot;:&quot;ms&quot;,&quot;size&quot;:100,&quot;sizes&quot;:[]},&quot;max_items_expended&quot;:&quot;one&quot;}\" data-widget_type=\"nested-accordion.default\">\n\t\t\t\t<div class=\"elementor-widget-container\">\n\t\t\t\t\t\t\t<div class=\"e-n-accordion\" aria-label=\"Accordion. Open links with Enter or Space, close with Escape, and navigate with Arrow Keys\">\n\t\t\t\t\t\t<details id=\"e-n-accordion-item-2580\" class=\"e-n-accordion-item\" >\n\t\t\t\t<summary class=\"e-n-accordion-item-title\" data-accordion-index=\"1\" tabindex=\"0\" aria-expanded=\"false\" aria-controls=\"e-n-accordion-item-2580\" >\n\t\t\t\t\t<span class='e-n-accordion-item-title-header'><h4 class=\"e-n-accordion-item-title-text\"> Laine <\/h4><\/span>\n\t\t\t\t\t\t\t<span class='e-n-accordion-item-title-icon'>\n\t\t\t<span class='e-opened' ><i aria-hidden=\"true\" class=\"fas fa-chevron-up\"><\/i><\/span>\n\t\t\t<span class='e-closed'><i aria-hidden=\"true\" class=\"fas fa-chevron-down\"><\/i><\/span>\n\t\t<\/span>\n\n\t\t\t\t\t\t<\/summary>\n\t\t\t\t<div role=\"region\" aria-labelledby=\"e-n-accordion-item-2580\" class=\"elementor-element elementor-element-e09b487 e-con-full e-flex e-con e-child\" data-id=\"e09b487\" data-element_type=\"container\" data-e-type=\"container\">\n\t\t\t\t<div class=\"elementor-element elementor-element-ffaa5fd elementor-widget elementor-widget-text-editor\" data-id=\"ffaa5fd\" data-element_type=\"widget\" data-e-type=\"widget\" data-widget_type=\"text-editor.default\">\n\t\t\t\t<div class=\"elementor-widget-container\">\n\t\t\t\t\t\t\t\t\t<p>Divina Melange 3 est un tissu d&rsquo;ameublement vibrant en laine teinte en pi\u00e8ce, qui rappelle le feutre. Il est d\u00e9licieusement simple et se d\u00e9cline dans une palette de couleurs fra\u00eeches et polyvalentes imagin\u00e9e par l&rsquo;artiste et designer Finn Sk\u00f6dt. Le Divina Melange 3, compact, confortable et particuli\u00e8rement doux, met en valeur les couleurs et la forme du meuble. Lors de sa fabrication, le fil est tiss\u00e9 dans une armure simple puis soumis \u00e0 une pression et des temp\u00e9ratures \u00e9lev\u00e9es. Lors du foulage &#8211; une technique souvent associ\u00e9e \u00e0 la haute couture &#8211; le mat\u00e9riau est transform\u00e9, passant d&rsquo;une surface brute \u00e0 une surface douce, homog\u00e8ne et semblable au feutre.<\/p>\n<ul>\n<li>R\u00e9sistance \u00e0 l&rsquo;abrasion : 45.<span style=\"text-align: var(--text-align); color: var(--e-global-color-text); font-family: var(--e-global-typography-primary-font-family), Sans-serif; font-size: var(--e-global-typography-primary-font-size); font-weight: var(--e-global-typography-primary-font-weight);\">000 Martindale<\/span><\/li>\n<li>R\u00e9sistance au boulochage : 3<\/li>\n<li>Solidit\u00e9 des couleurs \u00e0 la lumi\u00e8re : 6<span style=\"text-align: var(--text-align); color: var(--e-global-color-text); font-family: var(--e-global-typography-primary-font-family), Sans-serif; font-size: var(--e-global-typography-primary-font-size); font-weight: var(--e-global-typography-primary-font-weight);\">-7<\/span><\/li>\n<li><span style=\"text-align: var(--text-align); color: var(--e-global-color-text); font-family: var(--e-global-typography-primary-font-family), Sans-serif; font-size: var(--e-global-typography-primary-font-size); font-weight: var(--e-global-typography-primary-font-weight);\">Composition :<\/span> 100% laine vierge<\/li>\n<li>Pays de fabrication : Royaume-Uni<\/li>\n<li style=\"font-size: 20px;\">Durabilit\u00e9 : Euroflower, Greenguard Gold, HPD, EPD<\/li>\n<\/ul>\n\t\t\t\t\t\t\t\t<\/div>\n\t\t\t\t<\/div>\n\t\t\t\t<\/div>\n\t\t\t\t\t<\/details>\n\t\t\t\t\t\t<details id=\"e-n-accordion-item-2581\" class=\"e-n-accordion-item\" >\n\t\t\t\t<summary class=\"e-n-accordion-item-title\" data-accordion-index=\"2\" tabindex=\"-1\" aria-expanded=\"false\" aria-controls=\"e-n-accordion-item-2581\" >\n\t\t\t\t\t<span class='e-n-accordion-item-title-header'><h4 class=\"e-n-accordion-item-title-text\"> Similicuir <\/h4><\/span>\n\t\t\t\t\t\t\t<span class='e-n-accordion-item-title-icon'>\n\t\t\t<span class='e-opened' ><i aria-hidden=\"true\" class=\"fas fa-chevron-up\"><\/i><\/span>\n\t\t\t<span class='e-closed'><i aria-hidden=\"true\" class=\"fas fa-chevron-down\"><\/i><\/span>\n\t\t<\/span>\n\n\t\t\t\t\t\t<\/summary>\n\t\t\t\t<div role=\"region\" aria-labelledby=\"e-n-accordion-item-2581\" class=\"elementor-element elementor-element-653dd4f e-con-full e-flex e-con e-child\" data-id=\"653dd4f\" data-element_type=\"container\" data-e-type=\"container\">\n\t\t\t\t<div class=\"elementor-element elementor-element-00d78f3 elementor-widget elementor-widget-text-editor\" data-id=\"00d78f3\" data-element_type=\"widget\" data-e-type=\"widget\" data-widget_type=\"text-editor.default\">\n\t\t\t\t<div class=\"elementor-widget-container\">\n\t\t\t\t\t\t\t\t\t<p>Dolce est un cuir synth\u00e9tique de haute qualit\u00e9, exempt de m\u00e9taux lourds et de formald\u00e9hyde.<\/p>\n<ul>\n<li>R\u00e9sistance \u00e0 l\u2019abrasion : 100.<span style=\"text-align: var(--text-align); color: var( --e-global-color-text ); font-family: var( --e-global-typography-primary-font-family ), Sans-serif; font-size: var( --e-global-typography-primary-font-size ); font-weight: var( --e-global-typography-primary-font-weight );\">000 Martindale<\/span><\/li>\n<li><span style=\"background-color: transparent; font-size: var( --e-global-typography-primary-font-size ); text-align: var(--text-align); color: var( --e-global-color-text ); font-family: var( --e-global-typography-primary-font-family ), Sans-serif; font-weight: var( --e-global-typography-primary-font-weight );\">Composition :\u00a0<\/span><span style=\"background-color: transparent; text-align: var(--text-align); color: var( --e-global-color-text ); font-family: var( --e-global-typography-primary-font-family ), Sans-serif; font-weight: var( --e-global-typography-primary-font-weight );\">100% Polyur\u00e9thane<\/span><\/li>\n<li>Pays de fabrication :\u00a0Royaume-Uni<\/li>\n<li>Poids : 370 g\/m<\/li>\n<\/ul>\n\t\t\t\t\t\t\t\t<\/div>\n\t\t\t\t<\/div>\n\t\t\t\t<\/div>\n\t\t\t\t\t<\/details>\n\t\t\t\t\t\t<details id=\"e-n-accordion-item-2582\" class=\"e-n-accordion-item\" >\n\t\t\t\t<summary class=\"e-n-accordion-item-title\" data-accordion-index=\"3\" tabindex=\"-1\" aria-expanded=\"false\" aria-controls=\"e-n-accordion-item-2582\" >\n\t\t\t\t\t<span class='e-n-accordion-item-title-header'><h4 class=\"e-n-accordion-item-title-text\"> Cuir <\/h4><\/span>\n\t\t\t\t\t\t\t<span class='e-n-accordion-item-title-icon'>\n\t\t\t<span class='e-opened' ><i aria-hidden=\"true\" class=\"fas fa-chevron-up\"><\/i><\/span>\n\t\t\t<span class='e-closed'><i aria-hidden=\"true\" class=\"fas fa-chevron-down\"><\/i><\/span>\n\t\t<\/span>\n\n\t\t\t\t\t\t<\/summary>\n\t\t\t\t<div role=\"region\" aria-labelledby=\"e-n-accordion-item-2582\" class=\"elementor-element elementor-element-62c8500 e-con-full e-flex e-con e-child\" data-id=\"62c8500\" data-element_type=\"container\" data-e-type=\"container\">\n\t\t\t\t<div class=\"elementor-element elementor-element-f920df3 elementor-widget elementor-widget-text-editor\" data-id=\"f920df3\" data-element_type=\"widget\" data-e-type=\"widget\" data-widget_type=\"text-editor.default\">\n\t\t\t\t<div class=\"elementor-widget-container\">\n\t\t\t\t\t\t\t\t\t<p>En tant que cuir semi-aniline, NOIR+ b\u00e9n\u00e9ficie d&rsquo;un traitement de surface qui le prot\u00e8ge contre la salet\u00e9, l&rsquo;exposition \u00e0 la lumi\u00e8re et les rayons nocifs du soleil. Ce mince film protecteur rend le cuir semi-aniline plus r\u00e9sistant que les types de cuir naturels. En raison de sa composition, la surface semble un peu plus uniforme que le cuir aniline, ce qui le rend encore plus accessible pour divers projets. Dans le m\u00eame temps, le grain naturel reste visible, ce qui lui conf\u00e8re une authenticit\u00e9.<\/p>\n<ul>\n<li>Brunissage :\u00a0Teinture aniline \u00e0 base d&rsquo;eau<\/li>\n<li>Finition :\u00a0Protection l\u00e9g\u00e8re de surface<\/li>\n<li><span style=\"text-align: var(--text-align); color: var( --e-global-color-text ); font-family: var( --e-global-typography-primary-font-family ), Sans-serif; font-size: var( --e-global-typography-primary-font-size ); font-weight: var( --e-global-typography-primary-font-weight );\">Composition :\u00a0<\/span>Cuir semi-aniline<\/li>\n<li>Fabricant :\u00a0S\u00f8rensen Leather<\/li>\n<li style=\"font-size: 20px;\">Durabilit\u00e9 : Certifi\u00e9 OEKO-TEX\u00ae<\/li>\n<li>\u00c9paisseur : 1.0 &#8211; 1.2 mm<\/li>\n<li>Surface : Mate, douce avec une l\u00e9g\u00e8re pigmentation<\/li>\n<\/ul>\n\t\t\t\t\t\t\t\t<\/div>\n\t\t\t\t<\/div>\n\t\t\t\t<\/div>\n\t\t\t\t\t<\/details>\n\t\t\t\t\t\t<details id=\"e-n-accordion-item-2583\" class=\"e-n-accordion-item\" >\n\t\t\t\t<summary class=\"e-n-accordion-item-title\" data-accordion-index=\"4\" tabindex=\"-1\" aria-expanded=\"false\" aria-controls=\"e-n-accordion-item-2583\" >\n\t\t\t\t\t<span class='e-n-accordion-item-title-header'><h4 class=\"e-n-accordion-item-title-text\"> Fibre synth\u00e9tique <\/h4><\/span>\n\t\t\t\t\t\t\t<span class='e-n-accordion-item-title-icon'>\n\t\t\t<span class='e-opened' ><i aria-hidden=\"true\" class=\"fas fa-chevron-up\"><\/i><\/span>\n\t\t\t<span class='e-closed'><i aria-hidden=\"true\" class=\"fas fa-chevron-down\"><\/i><\/span>\n\t\t<\/span>\n\n\t\t\t\t\t\t<\/summary>\n\t\t\t\t<div role=\"region\" aria-labelledby=\"e-n-accordion-item-2583\" class=\"elementor-element elementor-element-43fcadb e-con-full e-flex e-con e-child\" data-id=\"43fcadb\" data-element_type=\"container\" data-e-type=\"container\">\n\t\t\t\t<div class=\"elementor-element elementor-element-a6aeda3 elementor-widget elementor-widget-text-editor\" data-id=\"a6aeda3\" data-element_type=\"widget\" data-e-type=\"widget\" data-widget_type=\"text-editor.default\">\n\t\t\t\t<div class=\"elementor-widget-container\">\n\t\t\t\t\t\t\t\t\t<p>Revive est un tissu dynamique, con\u00e7u par Georgina Wright. Il est fabriqu\u00e9 \u00e0 partir de polyester recycl\u00e9 (PET), avec une attention particuli\u00e8re port\u00e9e \u00e0 la r\u00e9duction des impacts environnementaux nocifs, tant en termes de fabrication que d&rsquo;utilisation des mati\u00e8res premi\u00e8res. Le design de Revive est inspir\u00e9 des textures, couleurs et mat\u00e9riaux qu&rsquo;on peut trouver dans les ports et sur les bateaux de p\u00eache. Revive est compos\u00e9 de deux couleurs unies, soit ton sur ton, soit l\u00e9g\u00e8rement contrast\u00e9es.<\/p>\r\n<ul>\r\n<li>R\u00e9sistance \u00e0 l&rsquo;abrasion : 60 000 Martindale<\/li>\r\n<li>Boulochage : 4-5<\/li>\r\n<li>Solidit\u00e9 \u00e0 la lumi\u00e8re : 5-7<\/li>\r\n<li>Composition : 100% polyester recycl\u00e9<\/li>\r\n<li>Pays de fabrication : Chine<\/li>\r\n<li>Durabilit\u00e9 : EPD, EU Ecolabel, HPD<\/li>\r\n<\/ul>\t\t\t\t\t\t\t\t<\/div>\n\t\t\t\t<\/div>\n\t\t\t\t<\/div>\n\t\t\t\t\t<\/details>\n\t\t\t\t\t<\/div>\n\t\t\t\t\t\t<\/div>\n\t\t\t\t<\/div>\n\t\t\t\t<\/div>\n\t\t<div class=\"elementor-element elementor-element-8f5e86d e-con-full e-flex e-con e-child\" data-id=\"8f5e86d\" data-element_type=\"container\" data-e-type=\"container\">\n\t\t\t\t<div class=\"elementor-element elementor-element-b0cfe33 elementor-widget elementor-widget-image\" data-id=\"b0cfe33\" data-element_type=\"widget\" data-e-type=\"widget\" data-widget_type=\"image.default\">\n\t\t\t\t<div class=\"elementor-widget-container\">\n\t\t\t\t\t\t\t\t\t\t\t\t\t\t\t<img decoding=\"async\" width=\"600\" height=\"376\" src=\"https:\/\/sitz.ch\/wp-content\/uploads\/varier-move-bezug-revive-rot-ergopoint-600x376.jpg\" class=\"attachment-medium size-medium wp-image-143090\" alt=\"\" srcset=\"https:\/\/sitz.ch\/wp-content\/uploads\/varier-move-bezug-revive-rot-ergopoint-600x376.jpg.webp 600w, https:\/\/sitz.ch\/wp-content\/uploads\/varier-move-bezug-revive-rot-ergopoint-1024x641.jpg.webp 1024w, https:\/\/sitz.ch\/wp-content\/uploads\/varier-move-bezug-revive-rot-ergopoint-768x481.jpg.webp 768w, https:\/\/sitz.ch\/wp-content\/uploads\/varier-move-bezug-revive-rot-ergopoint-1536x961.jpg.webp 1536w, https:\/\/sitz.ch\/wp-content\/uploads\/varier-move-bezug-revive-rot-ergopoint-2048x1282.jpg.webp 2048w, https:\/\/sitz.ch\/wp-content\/uploads\/varier-move-bezug-revive-rot-ergopoint-64x40.jpg.webp 64w\" sizes=\"(max-width: 600px) 100vw, 600px\" title=\"\">\t\t\t\t\t\t\t\t\t\t\t\t\t\t\t<\/div>\n\t\t\t\t<\/div>\n\t\t\t\t<\/div>\n\t\t\t\t\t<\/div>\n\t\t\t\t<\/section>\n\t\t<section class=\"elementor-element elementor-element-b03886d ergo-f-list e-flex e-con-boxed e-con e-parent\" data-id=\"b03886d\" data-element_type=\"container\" data-e-type=\"container\">\n\t\t\t\t\t<div class=\"e-con-inner\">\n\t\t<div class=\"elementor-element elementor-element-b4bf1e7 e-con-full e-flex e-con e-child\" data-id=\"b4bf1e7\" data-element_type=\"container\" data-e-type=\"container\">\n\t\t\t\t<div class=\"elementor-element elementor-element-398e7a7 elementor-widget elementor-widget-heading\" data-id=\"398e7a7\" data-element_type=\"widget\" data-e-type=\"widget\" data-widget_type=\"heading.default\">\n\t\t\t\t<div class=\"elementor-widget-container\">\n\t\t\t\t\t<h3 class=\"elementor-heading-title elementor-size-default\">Libert\u00e9 de mouvement absolue \u00e0 360\u00b0<\/h3>\t\t\t\t<\/div>\n\t\t\t\t<\/div>\n\t\t\t\t<div class=\"elementor-element elementor-element-2c52674 elementor-widget elementor-widget-text-editor\" data-id=\"2c52674\" data-element_type=\"widget\" data-e-type=\"widget\" data-widget_type=\"text-editor.default\">\n\t\t\t\t<div class=\"elementor-widget-container\">\n\t\t\t\t\t\t\t\t\t<p>Le Varier Move en tant que chaise de bureau red\u00e9finit la flexibilit\u00e9 et le confort \u00e0 un niveau totalement nouveau. Cette chaise innovante a \u00e9t\u00e9 sp\u00e9cialement con\u00e7ue pour offrir une libert\u00e9 de mouvement maximale et soutenir au mieux les mouvements naturels du corps. Avec sa capacit\u00e9 de mouvement \u00e0 360\u00b0, le Move\u2122 permet des rotations et des mouvements sans effort dans toutes les directions, offrant une flexibilit\u00e9 in\u00e9gal\u00e9e.<\/p>\n<p>Que ce soit en position assise, en rotation ou en inclinaison \u2013 le Move\u2122 s&rsquo;adapte parfaitement \u00e0 chaque posture corporelle et garantit une position assise dynamique et ergonomique.<\/p>\n<p>Ce design n&rsquo;est pas seulement une r\u00e9volution dans l&rsquo;industrie du mobilier de si\u00e8ge, il a \u00e9galement \u00e9t\u00e9 r\u00e9compens\u00e9 en Norv\u00e8ge par le prestigieux Prix d&rsquo;honneur DOGA.<\/p>\n\t\t\t\t\t\t\t\t<\/div>\n\t\t\t\t<\/div>\n\t\t\t\t<\/div>\n\t\t<div class=\"elementor-element elementor-element-4e3015c e-con-full e-flex e-con e-child\" data-id=\"4e3015c\" data-element_type=\"container\" data-e-type=\"container\">\n\t\t\t\t<div class=\"elementor-element elementor-element-bb4689e elementor-widget elementor-widget-image\" data-id=\"bb4689e\" data-element_type=\"widget\" data-e-type=\"widget\" data-widget_type=\"image.default\">\n\t\t\t\t<div class=\"elementor-widget-container\">\n\t\t\t\t\t\t\t\t\t\t\t\t\t\t\t<img decoding=\"async\" width=\"424\" height=\"600\" src=\"https:\/\/sitz.ch\/wp-content\/uploads\/varier-move-360-grad-bewegungsfreiheit-drehstuhl-ergopoint-424x600.jpg\" class=\"attachment-medium size-medium wp-image-143096\" alt=\"\" srcset=\"https:\/\/sitz.ch\/wp-content\/uploads\/varier-move-360-grad-bewegungsfreiheit-drehstuhl-ergopoint-424x600.jpg.webp 424w, https:\/\/sitz.ch\/wp-content\/uploads\/varier-move-360-grad-bewegungsfreiheit-drehstuhl-ergopoint-724x1024.jpg.webp 724w, https:\/\/sitz.ch\/wp-content\/uploads\/varier-move-360-grad-bewegungsfreiheit-drehstuhl-ergopoint-768x1086.jpg.webp 768w, https:\/\/sitz.ch\/wp-content\/uploads\/varier-move-360-grad-bewegungsfreiheit-drehstuhl-ergopoint-1086x1536.jpg.webp 1086w, https:\/\/sitz.ch\/wp-content\/uploads\/varier-move-360-grad-bewegungsfreiheit-drehstuhl-ergopoint-1448x2048.jpg.webp 1448w, https:\/\/sitz.ch\/wp-content\/uploads\/varier-move-360-grad-bewegungsfreiheit-drehstuhl-ergopoint-600x848.jpg.webp 600w, https:\/\/sitz.ch\/wp-content\/uploads\/varier-move-360-grad-bewegungsfreiheit-drehstuhl-ergopoint-64x90.jpg.webp 64w, https:\/\/sitz.ch\/wp-content\/uploads\/varier-move-360-grad-bewegungsfreiheit-drehstuhl-ergopoint.jpg.webp 1768w\" sizes=\"(max-width: 424px) 100vw, 424px\" title=\"\">\t\t\t\t\t\t\t\t\t\t\t\t\t\t\t<\/div>\n\t\t\t\t<\/div>\n\t\t\t\t<\/div>\n\t\t\t\t\t<\/div>\n\t\t\t\t<\/section>\n\t\t<section class=\"elementor-element elementor-element-96bac2e ergo-f-list e-flex e-con-boxed e-con e-parent\" data-id=\"96bac2e\" data-element_type=\"container\" data-e-type=\"container\">\n\t\t\t\t\t<div class=\"e-con-inner\">\n\t\t<div class=\"elementor-element elementor-element-ffa2646 e-con-full e-flex e-con e-child\" data-id=\"ffa2646\" data-element_type=\"container\" data-e-type=\"container\">\n\t\t\t\t<div class=\"elementor-element elementor-element-da136b6 elementor-widget elementor-widget-heading\" data-id=\"da136b6\" data-element_type=\"widget\" data-e-type=\"widget\" data-widget_type=\"heading.default\">\n\t\t\t\t<div class=\"elementor-widget-container\">\n\t\t\t\t\t<h3 class=\"elementor-heading-title elementor-size-default\">Flexibilit\u00e9 sur tous les sols<\/h3>\t\t\t\t<\/div>\n\t\t\t\t<\/div>\n\t\t\t\t<div class=\"elementor-element elementor-element-d89e7df elementor-widget elementor-widget-text-editor\" data-id=\"d89e7df\" data-element_type=\"widget\" data-e-type=\"widget\" data-widget_type=\"text-editor.default\">\n\t\t\t\t<div class=\"elementor-widget-container\">\n\t\t\t\t\t\t\t\t\t<p>La base stable en plastique noir de haute qualit\u00e9 avec un diam\u00e8tre de 60 cm conf\u00e8re au tabouret selle Move non seulement un look moderne, mais assure \u00e9galement une stabilit\u00e9 maximale.<\/p>\n<p>Les roulettes universelles sont sp\u00e9cialement con\u00e7ues pour glisser facilement et en douceur sur tous types de sols &#8211; qu&rsquo;il s&rsquo;agisse de sols durs ou de moquettes. Ainsi, le tabouret Move permet une libert\u00e9 de mouvement et une flexibilit\u00e9 totale dans n&rsquo;importe quel environnement. Cette combinaison bien pens\u00e9e de design et de fonctionnalit\u00e9 en fait un choix optimal pour les environnements de travail dynamiques.<\/p>\n\t\t\t\t\t\t\t\t<\/div>\n\t\t\t\t<\/div>\n\t\t\t\t<\/div>\n\t\t<div class=\"elementor-element elementor-element-1033fa2 e-con-full e-flex e-con e-child\" data-id=\"1033fa2\" data-element_type=\"container\" data-e-type=\"container\">\n\t\t\t\t<div class=\"elementor-element elementor-element-fae0326 elementor-widget elementor-widget-image\" data-id=\"fae0326\" data-element_type=\"widget\" data-e-type=\"widget\" data-widget_type=\"image.default\">\n\t\t\t\t<div class=\"elementor-widget-container\">\n\t\t\t\t\t\t\t\t\t\t\t\t\t\t\t<img decoding=\"async\" width=\"400\" height=\"400\" src=\"https:\/\/sitz.ch\/wp-content\/uploads\/move-rollen-revive-rot-634-400x400.jpg\" class=\"attachment-medium size-medium wp-image-141563\" alt=\"\" srcset=\"https:\/\/sitz.ch\/wp-content\/uploads\/move-rollen-revive-rot-634-400x400.jpg.webp 400w, https:\/\/sitz.ch\/wp-content\/uploads\/move-rollen-revive-rot-634-1024x1024.jpg.webp 1024w, https:\/\/sitz.ch\/wp-content\/uploads\/move-rollen-revive-rot-634-200x200.jpg.webp 200w, https:\/\/sitz.ch\/wp-content\/uploads\/move-rollen-revive-rot-634-768x768.jpg.webp 768w, https:\/\/sitz.ch\/wp-content\/uploads\/move-rollen-revive-rot-634-1536x1536.jpg.webp 1536w, https:\/\/sitz.ch\/wp-content\/uploads\/move-rollen-revive-rot-634-640x640.jpg.webp 640w, https:\/\/sitz.ch\/wp-content\/uploads\/move-rollen-revive-rot-634-560x560.jpg.webp 560w, https:\/\/sitz.ch\/wp-content\/uploads\/move-rollen-revive-rot-634-367x367.jpg.webp 367w, https:\/\/sitz.ch\/wp-content\/uploads\/move-rollen-revive-rot-634-85x85.jpg.webp 85w, https:\/\/sitz.ch\/wp-content\/uploads\/move-rollen-revive-rot-634-300x300.jpg.webp 300w, https:\/\/sitz.ch\/wp-content\/uploads\/move-rollen-revive-rot-634-600x600.jpg.webp 600w, https:\/\/sitz.ch\/wp-content\/uploads\/move-rollen-revive-rot-634-150x150.jpg.webp 150w, https:\/\/sitz.ch\/wp-content\/uploads\/move-rollen-revive-rot-634-135x135.jpg.webp 135w, https:\/\/sitz.ch\/wp-content\/uploads\/move-rollen-revive-rot-634-32x32.jpg.webp 32w, https:\/\/sitz.ch\/wp-content\/uploads\/move-rollen-revive-rot-634.jpg.webp 2000w\" sizes=\"(max-width: 400px) 100vw, 400px\" title=\"\">\t\t\t\t\t\t\t\t\t\t\t\t\t\t\t<\/div>\n\t\t\t\t<\/div>\n\t\t\t\t<\/div>\n\t\t\t\t\t<\/div>\n\t\t\t\t<\/section>\n\t\t<section class=\"elementor-element elementor-element-0e05d5c ergo-f-list e-flex e-con-boxed e-con e-parent\" data-id=\"0e05d5c\" data-element_type=\"container\" data-e-type=\"container\">\n\t\t\t\t\t<div class=\"e-con-inner\">\n\t\t<div class=\"elementor-element elementor-element-86df258 e-con-full e-flex e-con e-child\" data-id=\"86df258\" data-element_type=\"container\" data-e-type=\"container\">\n\t\t\t\t<div class=\"elementor-element elementor-element-1aa1ff2 elementor-widget elementor-widget-heading\" data-id=\"1aa1ff2\" data-element_type=\"widget\" data-e-type=\"widget\" data-widget_type=\"heading.default\">\n\t\t\t\t<div class=\"elementor-widget-container\">\n\t\t\t\t\t<h3 class=\"elementor-heading-title elementor-size-default\">Assiettes en bois comme alternative<\/h3>\t\t\t\t<\/div>\n\t\t\t\t<\/div>\n\t\t\t\t<div class=\"elementor-element elementor-element-74ee47d elementor-widget elementor-widget-text-editor\" data-id=\"74ee47d\" data-element_type=\"widget\" data-e-type=\"widget\" data-widget_type=\"text-editor.default\">\n\t\t\t\t<div class=\"elementor-widget-container\">\n\t\t\t\t\t\t\t\t\t<p><a href=\"https:\/\/sitz.ch\/fr\/produit\/varier-move\/\">Varier Move avec base en bois<\/a> suit les mouvements naturels de votre corps gr\u00e2ce \u00e0 sa base en bois convexe. Le disque en bois d&rsquo;un diam\u00e8tre de 40 cm est fabriqu\u00e9 \u00e0 partir de contreplaqu\u00e9 de h\u00eatre de haute qualit\u00e9, r\u00e9put\u00e9 pour sa stabilit\u00e9 et sa durabilit\u00e9. Pour garantir une finition esth\u00e9tique et durable, le contreplaqu\u00e9 est soigneusement recouvert d&rsquo;un placage en fr\u00eane raffin\u00e9.<\/p>\n<p>Ce placage est poli \u00e0 la main selon un processus m\u00e9ticuleux et par la suite, sublim\u00e9 avec des vernis \u00e9cologiques \u00e0 base d&rsquo;eau. Ainsi, on obtient non seulement une surface visuellement attrayante, mais aussi une finition qui r\u00e9siste sans probl\u00e8me aux exigences quotidiennes tout en \u00e9tant respectueuse de l&rsquo;environnement.<\/p>\n\t\t\t\t\t\t\t\t<\/div>\n\t\t\t\t<\/div>\n\t\t\t\t<\/div>\n\t\t<div class=\"elementor-element elementor-element-21aeec9 e-con-full e-flex e-con e-child\" data-id=\"21aeec9\" data-element_type=\"container\" data-e-type=\"container\">\n\t\t\t\t<div class=\"elementor-element elementor-element-b8c295d elementor-widget elementor-widget-image\" data-id=\"b8c295d\" data-element_type=\"widget\" data-e-type=\"widget\" data-widget_type=\"image.default\">\n\t\t\t\t<div class=\"elementor-widget-container\">\n\t\t\t\t\t\t\t\t\t\t\t\t\t\t\t<img decoding=\"async\" width=\"600\" height=\"600\" src=\"https:\/\/sitz.ch\/wp-content\/uploads\/varier-move-holzteller-esche-natur-ergopoint-600x600.jpg\" class=\"attachment-medium size-medium wp-image-143093\" alt=\"\" srcset=\"https:\/\/sitz.ch\/wp-content\/uploads\/varier-move-holzteller-esche-natur-ergopoint-600x600.jpg.webp 600w, https:\/\/sitz.ch\/wp-content\/uploads\/varier-move-holzteller-esche-natur-ergopoint-300x300.jpg.webp 300w, https:\/\/sitz.ch\/wp-content\/uploads\/varier-move-holzteller-esche-natur-ergopoint-768x768.jpg.webp 768w, https:\/\/sitz.ch\/wp-content\/uploads\/varier-move-holzteller-esche-natur-ergopoint-100x100.jpg.webp 100w, https:\/\/sitz.ch\/wp-content\/uploads\/varier-move-holzteller-esche-natur-ergopoint-135x135.jpg.webp 135w, https:\/\/sitz.ch\/wp-content\/uploads\/varier-move-holzteller-esche-natur-ergopoint-64x64.jpg.webp 64w, https:\/\/sitz.ch\/wp-content\/uploads\/varier-move-holzteller-esche-natur-ergopoint.jpg.webp 1024w\" sizes=\"(max-width: 600px) 100vw, 600px\" title=\"\">\t\t\t\t\t\t\t\t\t\t\t\t\t\t\t<\/div>\n\t\t\t\t<\/div>\n\t\t\t\t<\/div>\n\t\t\t\t\t<\/div>\n\t\t\t\t<\/section>\n\t\t<section class=\"elementor-element elementor-element-1f9d8ec ergo-f-list e-flex e-con-boxed e-con e-parent\" data-id=\"1f9d8ec\" data-element_type=\"container\" data-e-type=\"container\">\n\t\t\t\t\t<div class=\"e-con-inner\">\n\t\t<div class=\"elementor-element elementor-element-970fce1 e-con-full e-flex e-con e-child\" data-id=\"970fce1\" data-element_type=\"container\" data-e-type=\"container\">\n\t\t\t\t<div class=\"elementor-element elementor-element-a02d5e5 elementor-widget elementor-widget-heading\" data-id=\"a02d5e5\" data-element_type=\"widget\" data-e-type=\"widget\" data-widget_type=\"heading.default\">\n\t\t\t\t<div class=\"elementor-widget-container\">\n\t\t\t\t\t<h3 class=\"elementor-heading-title elementor-size-default\">R\u00e9glage en continu de la hauteur du si\u00e8ge<\/h3>\t\t\t\t<\/div>\n\t\t\t\t<\/div>\n\t\t\t\t<div class=\"elementor-element elementor-element-9cb0495 elementor-widget elementor-widget-text-editor\" data-id=\"9cb0495\" data-element_type=\"widget\" data-e-type=\"widget\" data-widget_type=\"text-editor.default\">\n\t\t\t\t<div class=\"elementor-widget-container\">\n\t\t\t\t\t\t\t\t\t<p>Le si\u00e8ge de selle Varier Move est disponible en trois variantes, id\u00e9alement adapt\u00e9es \u00e0 diff\u00e9rents besoins et contextes d&rsquo;utilisation :<\/p>\n<ul>\n<li><strong>Bas (51 \u2013 70 cm) :<\/strong> Cette version est particuli\u00e8rement adapt\u00e9e \u00e0 un usage \u00e0 domicile et s\u2019int\u00e8gre parfaitement \u00e0 toute table \u00e0 manger ou de bureau d&rsquo;une hauteur de 65 \u2013 80 cm. Notre recommandation pour une exp\u00e9rience de confort et de polyvalence \u00e0 la maison.<\/li>\n<li><strong>Moyen (58 \u2013 84 cm) :<\/strong> Id\u00e9al pour combiner position assise et debout. Cette hauteur est parfaite pour les espaces de travail n\u00e9cessitant une transition flexible entre les positions assise et debout, et convient aux tables d&rsquo;une hauteur minimale de 74 cm.<\/li>\n<li><strong>\u00c9lev\u00e9 (67 \u2013 93 cm) :<\/strong> Cette variante est sp\u00e9cialement con\u00e7ue comme appui debout et convient parfaitement pour des surfaces de travail plus hautes \u00e0 partir d&rsquo;une hauteur de table de 80 cm. Parfait pour ceux qui travaillent principalement debout mais qui ne veulent pas renoncer au confort d&rsquo;une chaise.<\/li>\n<\/ul>\n\t\t\t\t\t\t\t\t<\/div>\n\t\t\t\t<\/div>\n\t\t\t\t<\/div>\n\t\t<div class=\"elementor-element elementor-element-c3e7c3f e-con-full e-flex e-con e-child\" data-id=\"c3e7c3f\" data-element_type=\"container\" data-e-type=\"container\">\n\t\t\t\t<div class=\"elementor-element elementor-element-be9a99c elementor-widget elementor-widget-image\" data-id=\"be9a99c\" data-element_type=\"widget\" data-e-type=\"widget\" data-widget_type=\"image.default\">\n\t\t\t\t<div class=\"elementor-widget-container\">\n\t\t\t\t\t\t\t\t\t\t\t\t\t\t\t<img decoding=\"async\" width=\"600\" height=\"600\" src=\"https:\/\/sitz.ch\/wp-content\/uploads\/varier-move-gasfeder-stufenlos-verstellbar-ergopoint-600x600.jpg\" class=\"attachment-medium size-medium wp-image-143105\" alt=\"\" srcset=\"https:\/\/sitz.ch\/wp-content\/uploads\/varier-move-gasfeder-stufenlos-verstellbar-ergopoint-600x600.jpg.webp 600w, https:\/\/sitz.ch\/wp-content\/uploads\/varier-move-gasfeder-stufenlos-verstellbar-ergopoint-1024x1024.jpg.webp 1024w, https:\/\/sitz.ch\/wp-content\/uploads\/varier-move-gasfeder-stufenlos-verstellbar-ergopoint-300x300.jpg.webp 300w, https:\/\/sitz.ch\/wp-content\/uploads\/varier-move-gasfeder-stufenlos-verstellbar-ergopoint-768x768.jpg.webp 768w, https:\/\/sitz.ch\/wp-content\/uploads\/varier-move-gasfeder-stufenlos-verstellbar-ergopoint-1536x1536.jpg.webp 1536w, https:\/\/sitz.ch\/wp-content\/uploads\/varier-move-gasfeder-stufenlos-verstellbar-ergopoint-100x100.jpg.webp 100w, https:\/\/sitz.ch\/wp-content\/uploads\/varier-move-gasfeder-stufenlos-verstellbar-ergopoint-135x135.jpg.webp 135w, https:\/\/sitz.ch\/wp-content\/uploads\/varier-move-gasfeder-stufenlos-verstellbar-ergopoint-64x64.jpg.webp 64w, https:\/\/sitz.ch\/wp-content\/uploads\/varier-move-gasfeder-stufenlos-verstellbar-ergopoint.jpg.webp 2000w\" sizes=\"(max-width: 600px) 100vw, 600px\" title=\"\">\t\t\t\t\t\t\t\t\t\t\t\t\t\t\t<\/div>\n\t\t\t\t<\/div>\n\t\t\t\t<\/div>\n\t\t\t\t\t<\/div>\n\t\t\t\t<\/section>\n\t\t<section class=\"elementor-element elementor-element-2736eb2 ergo-f-list e-flex e-con-boxed e-con e-parent\" data-id=\"2736eb2\" data-element_type=\"container\" data-e-type=\"container\">\n\t\t\t\t\t<div class=\"e-con-inner\">\n\t\t<div class=\"elementor-element elementor-element-c5e715d e-con-full e-flex e-con e-child\" data-id=\"c5e715d\" data-element_type=\"container\" data-e-type=\"container\">\n\t\t\t\t<div class=\"elementor-element elementor-element-e547c60 elementor-widget elementor-widget-heading\" data-id=\"e547c60\" data-element_type=\"widget\" data-e-type=\"widget\" data-widget_type=\"heading.default\">\n\t\t\t\t<div class=\"elementor-widget-container\">\n\t\t\t\t\t<h3 class=\"elementor-heading-title elementor-size-default\">Protection de sol antid\u00e9rapante<\/h3>\t\t\t\t<\/div>\n\t\t\t\t<\/div>\n\t\t\t\t<div class=\"elementor-element elementor-element-f90d5db elementor-widget elementor-widget-text-editor\" data-id=\"f90d5db\" data-element_type=\"widget\" data-e-type=\"widget\" data-widget_type=\"text-editor.default\">\n\t\t\t\t<div class=\"elementor-widget-container\">\n\t\t\t\t\t\t\t\t\t<p>Le caoutchouc pour le tabouret de selle Varier Move offre une prise s\u00fbre sur les surfaces lisses et dures, prot\u00e9geant efficacement les sols en bois contre les marques d&rsquo;usure. Il se glisse simplement sur la base de la chaise et pr\u00e9vient de mani\u00e8re fiable les dommages caus\u00e9s par la pression et les chocs. Particuli\u00e8rement pratique : le caoutchouc peut \u00e9galement \u00eatre facilement adapt\u00e9 aux anciens mod\u00e8les Move\u2122, y compris les chaises Stokke.<\/p>\n<p>Gr\u00e2ce au caoutchouc antid\u00e9rapant, la chaise est maintenue stable, m\u00eame dans les positions inclin\u00e9es, garantissant une exp\u00e9rience d&rsquo;utilisation s\u00fbre et confortable.<\/p>\n\t\t\t\t\t\t\t\t<\/div>\n\t\t\t\t<\/div>\n\t\t\t\t<\/div>\n\t\t<div class=\"elementor-element elementor-element-2b6a806 e-con-full e-flex e-con e-child\" data-id=\"2b6a806\" data-element_type=\"container\" data-e-type=\"container\">\n\t\t\t\t<div class=\"elementor-element elementor-element-c132962 elementor-widget elementor-widget-image\" data-id=\"c132962\" data-element_type=\"widget\" data-e-type=\"widget\" data-widget_type=\"image.default\">\n\t\t\t\t<div class=\"elementor-widget-container\">\n\t\t\t\t\t\t\t\t\t\t\t\t\t\t\t<img decoding=\"async\" width=\"600\" height=\"600\" src=\"https:\/\/sitz.ch\/wp-content\/uploads\/varier-move-gummigalosche-schutz-ergopoint-600x600.jpg\" class=\"attachment-medium size-medium wp-image-143108\" alt=\"\" srcset=\"https:\/\/sitz.ch\/wp-content\/uploads\/varier-move-gummigalosche-schutz-ergopoint-600x600.jpg.webp 600w, https:\/\/sitz.ch\/wp-content\/uploads\/varier-move-gummigalosche-schutz-ergopoint-1024x1024.jpg.webp 1024w, https:\/\/sitz.ch\/wp-content\/uploads\/varier-move-gummigalosche-schutz-ergopoint-300x300.jpg.webp 300w, https:\/\/sitz.ch\/wp-content\/uploads\/varier-move-gummigalosche-schutz-ergopoint-768x768.jpg.webp 768w, https:\/\/sitz.ch\/wp-content\/uploads\/varier-move-gummigalosche-schutz-ergopoint-1536x1536.jpg.webp 1536w, https:\/\/sitz.ch\/wp-content\/uploads\/varier-move-gummigalosche-schutz-ergopoint-100x100.jpg.webp 100w, https:\/\/sitz.ch\/wp-content\/uploads\/varier-move-gummigalosche-schutz-ergopoint-135x135.jpg.webp 135w, https:\/\/sitz.ch\/wp-content\/uploads\/varier-move-gummigalosche-schutz-ergopoint-64x64.jpg.webp 64w, https:\/\/sitz.ch\/wp-content\/uploads\/varier-move-gummigalosche-schutz-ergopoint.jpg.webp 2000w\" sizes=\"(max-width: 600px) 100vw, 600px\" title=\"\">\t\t\t\t\t\t\t\t\t\t\t\t\t\t\t<\/div>\n\t\t\t\t<\/div>\n\t\t\t\t<\/div>\n\t\t\t\t\t<\/div>\n\t\t\t\t<\/section>\n\t\t\t\t<\/div>\n\t\t","protected":false},"excerpt":{"rendered":"<p>Le tabouret de selle Varier Move avec roulettes offre une libert\u00e9 de mouvement exceptionnelle et s&rsquo;adapte sans effort \u00e0 toutes les positions, de la position assise \u00e0 presque debout. \u00c9quip\u00e9 d&rsquo;une selle ergonomique en forme de triangle, il est id\u00e9al comme chaise de travail principale ou comme compl\u00e9ment au fauteuil de bureau, notamment avec des bureaux r\u00e9glables en hauteur. Gr\u00e2ce \u00e0 son cadre \u00e9l\u00e9gant et artisanal et \u00e0 son r\u00e9glage en hauteur continu, il est utilisable sur diff\u00e9rents rev\u00eatements de sol. Le Move\u2122 est disponible en trois hauteurs afin de s&rsquo;adapter parfaitement aux divers besoins et environnements. La croix de pied en plastique noir a un diam\u00e8tre de 60 cm et est \u00e9quip\u00e9e de roulettes universelles, convenant \u00e0 tous les types de sols.<\/p>\n","protected":false},"featured_media":161551,"comment_status":"open","ping_status":"closed","template":"","meta":{"_acf_changed":false},"pwb-brand":[82],"product_brand":[],"product_cat":[288,198,204],"product_tag":[],"class_list":{"0":"post-152634","1":"product","2":"type-product","3":"status-publish","4":"has-post-thumbnail","6":"pwb-brand-varier","7":"product_cat-sieges-assis-debout-ergonomiques","8":"product_cat-tabourets","9":"product_cat-tabourets-de-selle","10":"pa_bezug-cuir-veritable-bleu-noir-31326","11":"pa_bezug-cuir-veritable-cognac-noir-31322","12":"pa_bezug-cuir-veritable-naturel-noir-31323","13":"pa_bezug-cuir-veritable-noir-noir-31330","14":"pa_bezug-cuir-veritable-rouge-noir-31324","15":"pa_bezug-cuir-veritable-tabac-noir-31328","16":"pa_bezug-cuir-veritable-vert-noir-31327","17":"pa_bezug-fibre-synthetique-beige-tonal-61180","18":"pa_bezug-fibre-synthetique-bleu-tonal-66286","19":"pa_bezug-fibre-synthetique-brun-tonal-64211","20":"pa_bezug-fibre-synthetique-gris-tonal-60123","21":"pa_bezug-fibre-synthetique-jaune-tonal-62156","22":"pa_bezug-fibre-synthetique-noir-tonal-60999","23":"pa_bezug-fibre-synthetique-rose-vif-tonal-63153","24":"pa_bezug-fibre-synthetique-rouge-tonal-64208","25":"pa_bezug-fibre-synthetique-vert-tonal-68206","26":"pa_bezug-fibre-synthetique-vert-clair-tonal-67089","27":"pa_bezug-laine-anthracite-fiord-171","28":"pa_bezug-laine-bleu-re-wool-787","29":"pa_bezug-laine-bordeaux-fiord-591","30":"pa_bezug-laine-brun-re-wool-568","31":"pa_bezug-laine-gris-fiord-121","32":"pa_bezug-laine-noir-fiord-191","33":"pa_bezug-laine-noir-re-wool-198","34":"pa_bezug-laine-vieux-rose-re-wool-648","35":"pa_bezug-similicuir-gris-clair-valencia-107-4052","36":"pa_bezug-similicuir-noir-valencia-107-9035","37":"tm-has-options","39":"first","40":"onbackorder","41":"featured","42":"taxable","43":"shipping-taxable","44":"purchasable","45":"product-type-variable","46":"has-default-attributes"},"acf":[],"brands":[{"id":82,"name":"Varier","slug":"varier"}],"_links":{"self":[{"href":"https:\/\/sitz.ch\/fr\/wp-json\/wp\/v2\/product\/152634","targetHints":{"allow":["GET"]}}],"collection":[{"href":"https:\/\/sitz.ch\/fr\/wp-json\/wp\/v2\/product"}],"about":[{"href":"https:\/\/sitz.ch\/fr\/wp-json\/wp\/v2\/types\/product"}],"replies":[{"embeddable":true,"href":"https:\/\/sitz.ch\/fr\/wp-json\/wp\/v2\/comments?post=152634"}],"version-history":[{"count":1,"href":"https:\/\/sitz.ch\/fr\/wp-json\/wp\/v2\/product\/152634\/revisions"}],"predecessor-version":[{"id":152651,"href":"https:\/\/sitz.ch\/fr\/wp-json\/wp\/v2\/product\/152634\/revisions\/152651"}],"wp:featuredmedia":[{"embeddable":true,"href":"https:\/\/sitz.ch\/fr\/wp-json\/wp\/v2\/media\/161551"}],"wp:attachment":[{"href":"https:\/\/sitz.ch\/fr\/wp-json\/wp\/v2\/media?parent=152634"}],"wp:term":[{"taxonomy":"pwb-brand","embeddable":true,"href":"https:\/\/sitz.ch\/fr\/wp-json\/wp\/v2\/pwb-brand?post=152634"},{"taxonomy":"product_brand","embeddable":true,"href":"https:\/\/sitz.ch\/fr\/wp-json\/wp\/v2\/product_brand?post=152634"},{"taxonomy":"product_cat","embeddable":true,"href":"https:\/\/sitz.ch\/fr\/wp-json\/wp\/v2\/product_cat?post=152634"},{"taxonomy":"product_tag","embeddable":true,"href":"https:\/\/sitz.ch\/fr\/wp-json\/wp\/v2\/product_tag?post=152634"}],"curies":[{"name":"wp","href":"https:\/\/api.w.org\/{rel}","templated":true}]}}